{"id":138,"date":"2025-12-08T10:52:48","date_gmt":"2025-12-08T10:52:48","guid":{"rendered":"https:\/\/violonistemariage.ch\/?page_id=138"},"modified":"2026-02-09T08:10:41","modified_gmt":"2026-02-09T08:10:41","slug":"violon-solo-suisse-mariage-evenements","status":"publish","type":"page","link":"https:\/\/violonistemariage.ch\/index.php\/violon-solo-suisse-mariage-evenements\/","title":{"rendered":"Violon Solo"},"content":{"rendered":"<p>[et_pb_section fb_built=\u00a0\u00bb1&Prime; fullwidth=\u00a0\u00bbon\u00a0\u00bb admin_label=\u00a0\u00bbHero Section\u00a0\u00bb _builder_version=\u00a0\u00bb4.16&Prime; background_color=\u00a0\u00bbrgba(255,255,255,0.7)\u00a0\u00bb animation_style=\u00a0\u00bbzoom\u00a0\u00bb animation_direction=\u00a0\u00bbbottom\u00a0\u00bb animation_intensity_zoom=\u00a0\u00bb4%\u00a0\u00bb global_colors_info=\u00a0\u00bb{}\u00a0\u00bb][et_pb_fullwidth_header title=\u00a0\u00bbViolon solo\u00a0\u00bb subhead=\u00a0\u00bbSo romantic !\u00a0\u00bb text_orientation=\u00a0\u00bbcenter\u00a0\u00bb background_overlay_color=\u00a0\u00bbrgba(255,255,255,0.85)\u00a0\u00bb title_font_color=\u00a0\u00bb#444235&Prime; subhead_font_color=\u00a0\u00bb#444235&Prime; subhead_tablet=\u00a0\u00bbSo romantic !\u00a0\u00bb subhead_phone=\u00a0\u00bbSo romantic !\u00a0\u00bb subhead_last_edited=\u00a0\u00bbon|desktop\u00a0\u00bb admin_label=\u00a0\u00bbHero\u00a0\u00bb _builder_version=\u00a0\u00bb4.27.5&Prime; title_font=\u00a0\u00bbComfortaa||||\u00a0\u00bb title_text_align=\u00a0\u00bbcenter\u00a0\u00bb title_text_color=\u00a0\u00bb#444235&Prime; title_font_size=\u00a0\u00bb72px\u00a0\u00bb title_line_height=\u00a0\u00bb1.3em\u00a0\u00bb subhead_font=\u00a0\u00bbComfortaa||on|on|||||\u00a0\u00bb subhead_text_align=\u00a0\u00bbcenter\u00a0\u00bb subhead_text_color=\u00a0\u00bb#444235&Prime; subhead_font_size=\u00a0\u00bb20px\u00a0\u00bb subhead_letter_spacing=\u00a0\u00bb1px\u00a0\u00bb subhead_line_height=\u00a0\u00bb2em\u00a0\u00bb background_color=\u00a0\u00bbrgba(255, 255, 255, 0)\u00a0\u00bb background_image=\u00a0\u00bbhttps:\/\/violonistemariage.ch\/wp-content\/uploads\/2025\/12\/page-header-bg.jpg\u00a0\u00bb parallax=\u00a0\u00bbon\u00a0\u00bb parallax_method=\u00a0\u00bbon\u00a0\u00bb custom_button_one=\u00a0\u00bbon\u00a0\u00bb button_one_text_size=\u00a0\u00bb16px\u00a0\u00bb button_one_text_color=\u00a0\u00bb#ffffff\u00a0\u00bb button_one_bg_color=\u00a0\u00bb#d1af83&Prime; button_one_border_width=\u00a0\u00bb10px\u00a0\u00bb button_one_border_color=\u00a0\u00bb#d1af83&Prime; button_one_border_radius=\u00a0\u00bb0px\u00a0\u00bb button_one_letter_spacing=\u00a0\u00bb6px\u00a0\u00bb button_one_font=\u00a0\u00bbOpen Sans||||\u00a0\u00bb button_one_icon=\u00a0\u00bb&#x24;||divi||400&Prime; button_one_icon_color=\u00a0\u00bb#ffffff\u00a0\u00bb button_one_on_hover=\u00a0\u00bboff\u00a0\u00bb background_layout=\u00a0\u00bblight\u00a0\u00bb custom_margin=\u00a0\u00bb-10px||||false|false\u00a0\u00bb custom_padding=\u00a0\u00bb43px||42px||false|false\u00a0\u00bb animation_style=\u00a0\u00bbfade\u00a0\u00bb title_font_size_tablet=\u00a0\u00bb\u00a0\u00bb title_font_size_phone=\u00a0\u00bb46px\u00a0\u00bb title_font_size_last_edited=\u00a0\u00bbon|phone\u00a0\u00bb button_one_letter_spacing_hover=\u00a0\u00bb10px\u00a0\u00bb saved_tabs=\u00a0\u00bball\u00a0\u00bb global_colors_info=\u00a0\u00bb{}\u00a0\u00bb button_one_text_size__hover_enabled=\u00a0\u00bboff\u00a0\u00bb button_two_text_size__hover_enabled=\u00a0\u00bboff\u00a0\u00bb button_one_text_color__hover_enabled=\u00a0\u00bboff\u00a0\u00bb button_two_text_color__hover_enabled=\u00a0\u00bboff\u00a0\u00bb button_one_border_width__hover_enabled=\u00a0\u00bboff\u00a0\u00bb button_two_border_width__hover_enabled=\u00a0\u00bboff\u00a0\u00bb button_one_border_color__hover_enabled=\u00a0\u00bboff\u00a0\u00bb button_two_border_color__hover_enabled=\u00a0\u00bboff\u00a0\u00bb button_one_border_radius__hover_enabled=\u00a0\u00bboff\u00a0\u00bb button_two_border_radius__hover_enabled=\u00a0\u00bboff\u00a0\u00bb button_one_letter_spacing__hover_enabled=\u00a0\u00bbon\u00a0\u00bb button_one_letter_spacing__hover=\u00a0\u00bb10px\u00a0\u00bb button_two_letter_spacing__hover_enabled=\u00a0\u00bboff\u00a0\u00bb button_one_bg_color__hover_enabled=\u00a0\u00bboff\u00a0\u00bb button_two_bg_color__hover_enabled=\u00a0\u00bboff\u00a0\u00bb subhead__hover_enabled=\u00a0\u00bbon|desktop\u00a0\u00bb subhead__hover=\u00a0\u00bbSo romantic !\u00a0\u00bb][\/et_pb_fullwidth_header][\/et_pb_section][et_pb_section fb_built=\u00a0\u00bb1&Prime; admin_label=\u00a0\u00bbOur Story Section\u00a0\u00bb _builder_version=\u00a0\u00bb4.16&Prime; custom_padding=\u00a0\u00bb4px||100px|||\u00a0\u00bb global_colors_info=\u00a0\u00bb{}\u00a0\u00bb][et_pb_row column_structure=\u00a0\u00bb1_3,1_3,1_3&Prime; admin_label=\u00a0\u00bbOur Story\u00a0\u00bb _builder_version=\u00a0\u00bb4.16&Prime; background_size=\u00a0\u00bbinitial\u00a0\u00bb background_position=\u00a0\u00bbtop_left\u00a0\u00bb background_repeat=\u00a0\u00bbrepeat\u00a0\u00bb global_colors_info=\u00a0\u00bb{}\u00a0\u00bb][et_pb_column type=\u00a0\u00bb1_3&Prime; _builder_version=\u00a0\u00bb4.16&Prime; custom_padding=\u00a0\u00bb|||\u00a0\u00bb global_colors_info=\u00a0\u00bb{}\u00a0\u00bb custom_padding__hover=\u00a0\u00bb|||\u00a0\u00bb][et_pb_image src=\u00a0\u00bbhttps:\/\/violonistemariage.ch\/wp-content\/uploads\/2025\/12\/2025-Weddings.png\u00a0\u00bb alt=\u00a0\u00bbvioloniste mariage\u00a0\u00bb title_text=\u00a0\u00bb2025 Weddings solo violin\u00a0\u00bb _builder_version=\u00a0\u00bb4.27.5&Prime; _module_preset=\u00a0\u00bbdefault\u00a0\u00bb global_colors_info=\u00a0\u00bb{}\u00a0\u00bb][\/et_pb_image][et_pb_image src=\u00a0\u00bbhttps:\/\/violonistemariage.ch\/wp-content\/uploads\/2025\/12\/IMG_7617-Grande.jpeg\u00a0\u00bb alt=\u00a0\u00bbvioloniste demande en mariage suisse\u00a0\u00bb title_text=\u00a0\u00bbvioloniste demande en mariage\u00a0\u00bb _builder_version=\u00a0\u00bb4.27.5&Prime; _module_preset=\u00a0\u00bbdefault\u00a0\u00bb box_shadow_style=\u00a0\u00bbpreset1&Prime; global_colors_info=\u00a0\u00bb{}\u00a0\u00bb][\/et_pb_image][et_pb_image src=\u00a0\u00bbhttps:\/\/violonistemariage.ch\/wp-content\/uploads\/2025\/12\/IMG_8399-Grande.jpeg\u00a0\u00bb alt=\u00a0\u00bbvioloniste mariage suisse\u00a0\u00bb title_text=\u00a0\u00bbVioloniste mariage\u00a0\u00bb _builder_version=\u00a0\u00bb4.27.5&Prime; _module_preset=\u00a0\u00bbdefault\u00a0\u00bb box_shadow_style=\u00a0\u00bbpreset1&Prime; global_colors_info=\u00a0\u00bb{}\u00a0\u00bb][\/et_pb_image][et_pb_image src=\u00a0\u00bbhttps:\/\/violonistemariage.ch\/wp-content\/uploads\/2025\/12\/IMG_7916-Grande.jpeg\u00a0\u00bb alt=\u00a0\u00bbVioloniste mariage et event suisse\u00a0\u00bb title_text=\u00a0\u00bbGerard violoniste suisse\u00a0\u00bb _builder_version=\u00a0\u00bb4.27.5&Prime; _module_preset=\u00a0\u00bbdefault\u00a0\u00bb box_shadow_style=\u00a0\u00bbpreset1&Prime; global_colors_info=\u00a0\u00bb{}\u00a0\u00bb][\/et_pb_image][et_pb_button _builder_version=\u00a0\u00bb4.16&Prime; global_colors_info=\u00a0\u00bb{}\u00a0\u00bb button_text_size__hover_enabled=\u00a0\u00bboff\u00a0\u00bb button_one_text_size__hover_enabled=\u00a0\u00bboff\u00a0\u00bb button_two_text_size__hover_enabled=\u00a0\u00bboff\u00a0\u00bb button_text_color__hover_enabled=\u00a0\u00bboff\u00a0\u00bb button_one_text_color__hover_enabled=\u00a0\u00bboff\u00a0\u00bb button_two_text_color__hover_enabled=\u00a0\u00bboff\u00a0\u00bb button_border_width__hover_enabled=\u00a0\u00bboff\u00a0\u00bb button_one_border_width__hover_enabled=\u00a0\u00bboff\u00a0\u00bb button_two_border_width__hover_enabled=\u00a0\u00bboff\u00a0\u00bb button_border_color__hover_enabled=\u00a0\u00bboff\u00a0\u00bb button_one_border_color__hover_enabled=\u00a0\u00bboff\u00a0\u00bb button_two_border_color__hover_enabled=\u00a0\u00bboff\u00a0\u00bb button_border_radius__hover_enabled=\u00a0\u00bboff\u00a0\u00bb button_one_border_radius__hover_enabled=\u00a0\u00bboff\u00a0\u00bb button_two_border_radius__hover_enabled=\u00a0\u00bboff\u00a0\u00bb button_letter_spacing__hover_enabled=\u00a0\u00bboff\u00a0\u00bb button_one_letter_spacing__hover_enabled=\u00a0\u00bboff\u00a0\u00bb button_two_letter_spacing__hover_enabled=\u00a0\u00bboff\u00a0\u00bb button_bg_color__hover_enabled=\u00a0\u00bboff\u00a0\u00bb button_one_bg_color__hover_enabled=\u00a0\u00bboff\u00a0\u00bb button_two_bg_color__hover_enabled=\u00a0\u00bboff\u00a0\u00bb][\/et_pb_button][\/et_pb_column][et_pb_column type=\u00a0\u00bb1_3&Prime; _builder_version=\u00a0\u00bb4.27.5&Prime; _module_preset=\u00a0\u00bbdefault\u00a0\u00bb global_colors_info=\u00a0\u00bb{}\u00a0\u00bb][et_pb_text _builder_version=\u00a0\u00bb4.16&Prime; text_font=\u00a0\u00bbOpen Sans||||\u00a0\u00bb text_text_color=\u00a0\u00bbrgba(68,66,53,0.8)\u00a0\u00bb text_font_size=\u00a0\u00bb17px\u00a0\u00bb text_line_height=\u00a0\u00bb1.9em\u00a0\u00bb background_size=\u00a0\u00bbinitial\u00a0\u00bb background_position=\u00a0\u00bbtop_left\u00a0\u00bb background_repeat=\u00a0\u00bbrepeat\u00a0\u00bb custom_padding=\u00a0\u00bb|||\u00a0\u00bb animation_style=\u00a0\u00bbslide\u00a0\u00bb animation_direction=\u00a0\u00bbbottom\u00a0\u00bb animation_delay=\u00a0\u00bb100ms\u00a0\u00bb animation_intensity_slide=\u00a0\u00bb5%\u00a0\u00bb global_colors_info=\u00a0\u00bb{}\u00a0\u00bb]<\/p>\n<h2><\/h2>\n<h2><\/h2>\n<h2>Une exp\u00e9rience sensorielle<\/h2>\n<p><span>Le violon ne se contente pas d\u2019accompagner vos moments : il les magnifie.<\/span><\/p>\n<p><span style=\"font-size: 17px;\">&#8211; Dans une <\/span><strong style=\"font-size: 17px;\">c\u00e9r\u00e9monie de mariage<\/strong><span style=\"font-size: 17px;\">, il incarne la solennit\u00e9 et la tendresse.<\/span><\/p>\n<p><span style=\"font-size: 17px;\">&#8211; Lors d\u2019un <\/span><strong style=\"font-size: 17px;\">cocktail ou d\u2019une r\u00e9ception<\/strong><span style=\"font-size: 17px;\">, il tisse une ambiance \u00e9l\u00e9gante et l\u00e9g\u00e8re.<\/span><\/p>\n<p><span style=\"font-size: 17px;\">&#8211; Pour une <\/span><strong style=\"font-size: 17px;\">demande en mariage<\/strong><span style=\"font-size: 17px;\">, il devient la bande-son d\u2019un souvenir \u00e9ternel.<\/span><\/p>\n<p><span style=\"font-size: 17px;\">&#8211; Dans un <\/span><strong style=\"font-size: 17px;\">\u00e9v\u00e9nement institutionnel ou corporate<\/strong><span style=\"font-size: 17px;\">, il apporte distinction et po\u00e9sie.<\/span><\/p>\n<p><span style=\"color: #333333; font-size: 23px;\">Un voyage musical<\/span><\/p>\n<p><span>Mon r\u00e9pertoire en solo est une passerelle entre les univers :<\/span><\/p>\n<p><span style=\"font-size: 17px;\">&#8211; <\/span><strong style=\"font-size: 17px;\">Pop covers<\/strong><span style=\"font-size: 17px;\"> pour la modernit\u00e9 et la proximit\u00e9 avec vos \u00e9motions d\u2019aujourd\u2019hui.<\/span><\/p>\n<p><strong style=\"font-size: 17px;\">&#8211; Jazz<\/strong><span style=\"font-size: 17px;\"> pour la libert\u00e9 et la chaleur de l\u2019improvisation.<\/span><\/p>\n<p><strong style=\"font-size: 17px;\">&#8211; Classique<\/strong><span style=\"font-size: 17px;\"> pour l\u2019\u00e9clat intemporel des grandes \u0153uvres.<\/span><\/p>\n<p>&nbsp;<\/p>\n<h2><em><span style=\"font-size: medium;\">Demandez moi la liste de mon r\u00e9pertoire !<\/span><\/em><\/h2>\n<p>[\/et_pb_text][\/et_pb_column][et_pb_column type=\u00a0\u00bb1_3&Prime; _builder_version=\u00a0\u00bb4.16&Prime; custom_padding=\u00a0\u00bb|||\u00a0\u00bb global_colors_info=\u00a0\u00bb{}\u00a0\u00bb custom_padding__hover=\u00a0\u00bb|||\u00a0\u00bb][et_pb_video src=\u00a0\u00bbhttps:\/\/www.youtube.com\/watch?v=gkGc2ZAY-hw&#038;list=PL0yBk1eQq4pIhB8sVb-EfTcaTyxjtavXA&#038;index=4&Prime; _builder_version=\u00a0\u00bb4.27.5&Prime; _module_preset=\u00a0\u00bbdefault\u00a0\u00bb box_shadow_style=\u00a0\u00bbpreset1&Prime; global_colors_info=\u00a0\u00bb{}\u00a0\u00bb][\/et_pb_video][et_pb_video src=\u00a0\u00bbhttps:\/\/www.youtube.com\/watch?v=bPLgNa4BkMY&#038;list=PL0yBk1eQq4pIhB8sVb-EfTcaTyxjtavXA&#038;index=3&Prime; _builder_version=\u00a0\u00bb4.27.5&Prime; _module_preset=\u00a0\u00bbdefault\u00a0\u00bb box_shadow_style=\u00a0\u00bbpreset1&Prime; global_colors_info=\u00a0\u00bb{}\u00a0\u00bb][\/et_pb_video][et_pb_video src=\u00a0\u00bbhttps:\/\/www.youtube.com\/watch?v=Y_-BBiQQfx0&#038;list=PL0yBk1eQq4pIhB8sVb-EfTcaTyxjtavXA&#038;index=2&Prime; _builder_version=\u00a0\u00bb4.27.5&Prime; _module_preset=\u00a0\u00bbdefault\u00a0\u00bb box_shadow_style=\u00a0\u00bbpreset1&Prime; global_colors_info=\u00a0\u00bb{}\u00a0\u00bb][\/et_pb_video][et_pb_video src=\u00a0\u00bbhttps:\/\/www.youtube.com\/watch?v=0ep1EOIB8Y4&#038;list=PL0yBk1eQq4pIhB8sVb-EfTcaTyxjtavXA&#038;index=1&Prime; _builder_version=\u00a0\u00bb4.27.5&Prime; _module_preset=\u00a0\u00bbdefault\u00a0\u00bb box_shadow_style=\u00a0\u00bbpreset1&Prime; global_colors_info=\u00a0\u00bb{}\u00a0\u00bb][\/et_pb_video][et_pb_image src=\u00a0\u00bbhttps:\/\/violonistemariage.ch\/wp-content\/uploads\/2025\/12\/IMG_7448-Grande.jpeg\u00a0\u00bb alt=\u00a0\u00bbvioloniste mariage suisse\u00a0\u00bb title_text=\u00a0\u00bbVioloniste mariage\u00a0\u00bb _builder_version=\u00a0\u00bb4.27.5&Prime; _module_preset=\u00a0\u00bbdefault\u00a0\u00bb box_shadow_style=\u00a0\u00bbpreset1&Prime; global_colors_info=\u00a0\u00bb{}\u00a0\u00bb][\/et_pb_image][\/et_pb_column][\/et_pb_row][\/et_pb_section][et_pb_section fb_built=\u00a0\u00bb1&Prime; admin_label=\u00a0\u00bbVideo Section\u00a0\u00bb _builder_version=\u00a0\u00bb4.27.5&Prime; background_image=\u00a0\u00bbhttps:\/\/violonistemariage.ch\/wp-content\/uploads\/2025\/12\/Capture-decran-2025-12-08-a-17.31.03-Grande.jpeg\u00a0\u00bb parallax=\u00a0\u00bbon\u00a0\u00bb custom_margin=\u00a0\u00bb||-2px|||\u00a0\u00bb custom_padding=\u00a0\u00bb0px||713px|||\u00a0\u00bb global_colors_info=\u00a0\u00bb{}\u00a0\u00bb][\/et_pb_section]<\/p>\n","protected":false},"excerpt":{"rendered":"<p>Une exp\u00e9rience sensorielle Le violon ne se contente pas d\u2019accompagner vos moments : il les magnifie. &#8211; Dans une c\u00e9r\u00e9monie de mariage, il incarne la solennit\u00e9 et la tendresse. &#8211; Lors d\u2019un cocktail ou d\u2019une r\u00e9ception, il tisse une ambiance \u00e9l\u00e9gante et l\u00e9g\u00e8re. &#8211; Pour une demande en mariage, il devient la bande-son d\u2019un souvenir [&hellip;]<\/p>\n","protected":false},"author":1,"featured_media":98,"parent":0,"menu_order":0,"comment_status":"closed","ping_status":"closed","template":"","meta":{"_et_pb_use_builder":"on","_et_pb_old_content":"","_et_gb_content_width":"","footnotes":""},"class_list":["post-138","page","type-page","status-publish","has-post-thumbnail","hentry"],"yoast_head":"<!-- This site is optimized with the Yoast SEO plugin v27.4 - https:\/\/yoast.com\/product\/yoast-seo-wordpress\/ -->\n<title>Violon Solo - Violoniste mariage &amp; event Suisse<\/title>\n<meta name=\"description\" content=\"Violoniste solo professionnel en Suisse, j\u2019apporte \u00e9l\u00e9gance et \u00e9motion \u00e0 vos mariages et event. Pop, jazz, classique, deep house.\" \/>\n<meta name=\"robots\" content=\"index, follow, max-snippet:-1, max-image-preview:large, max-video-preview:-1\" \/>\n<link rel=\"canonical\" href=\"https:\/\/violonistemariage.ch\/index.php\/violon-solo-suisse-mariage-evenements\/\" \/>\n<meta property=\"og:locale\" content=\"fr_FR\" \/>\n<meta property=\"og:type\" content=\"article\" \/>\n<meta property=\"og:title\" content=\"Violon Solo - Violoniste mariage &amp; event Suisse\" \/>\n<meta property=\"og:description\" content=\"Violoniste solo professionnel en Suisse, j\u2019apporte \u00e9l\u00e9gance et \u00e9motion \u00e0 vos mariages et event. Pop, jazz, classique, deep house.\" \/>\n<meta property=\"og:url\" content=\"https:\/\/violonistemariage.ch\/index.php\/violon-solo-suisse-mariage-evenements\/\" \/>\n<meta property=\"og:site_name\" content=\"Violoniste mariage &amp; event Suisse\" \/>\n<meta property=\"article:modified_time\" content=\"2026-02-09T08:10:41+00:00\" \/>\n<meta property=\"og:image\" content=\"https:\/\/violonistemariage.ch\/wp-content\/uploads\/2025\/12\/P1050135-scaled.jpg\" \/>\n\t<meta property=\"og:image:width\" content=\"2560\" \/>\n\t<meta property=\"og:image:height\" content=\"1441\" \/>\n\t<meta property=\"og:image:type\" content=\"image\/jpeg\" \/>\n<meta name=\"twitter:card\" content=\"summary_large_image\" \/>\n<meta name=\"twitter:label1\" content=\"Dur\u00e9e de lecture estim\u00e9e\" \/>\n\t<meta name=\"twitter:data1\" content=\"2 minutes\" \/>\n<script type=\"application\/ld+json\" class=\"yoast-schema-graph\">{\"@context\":\"https:\\\/\\\/schema.org\",\"@graph\":[{\"@type\":\"WebPage\",\"@id\":\"https:\\\/\\\/violonistemariage.ch\\\/index.php\\\/violon-solo-suisse-mariage-evenements\\\/\",\"url\":\"https:\\\/\\\/violonistemariage.ch\\\/index.php\\\/violon-solo-suisse-mariage-evenements\\\/\",\"name\":\"Violon Solo - Violoniste mariage &amp; event Suisse\",\"isPartOf\":{\"@id\":\"https:\\\/\\\/violonistemariage.ch\\\/#website\"},\"primaryImageOfPage\":{\"@id\":\"https:\\\/\\\/violonistemariage.ch\\\/index.php\\\/violon-solo-suisse-mariage-evenements\\\/#primaryimage\"},\"image\":{\"@id\":\"https:\\\/\\\/violonistemariage.ch\\\/index.php\\\/violon-solo-suisse-mariage-evenements\\\/#primaryimage\"},\"thumbnailUrl\":\"https:\\\/\\\/violonistemariage.ch\\\/wp-content\\\/uploads\\\/2025\\\/12\\\/P1050135-scaled.jpg\",\"datePublished\":\"2025-12-08T10:52:48+00:00\",\"dateModified\":\"2026-02-09T08:10:41+00:00\",\"description\":\"Violoniste solo professionnel en Suisse, j\u2019apporte \u00e9l\u00e9gance et \u00e9motion \u00e0 vos mariages et event. Pop, jazz, classique, deep house.\",\"breadcrumb\":{\"@id\":\"https:\\\/\\\/violonistemariage.ch\\\/index.php\\\/violon-solo-suisse-mariage-evenements\\\/#breadcrumb\"},\"inLanguage\":\"fr-FR\",\"potentialAction\":[{\"@type\":\"ReadAction\",\"target\":[\"https:\\\/\\\/violonistemariage.ch\\\/index.php\\\/violon-solo-suisse-mariage-evenements\\\/\"]}]},{\"@type\":\"ImageObject\",\"inLanguage\":\"fr-FR\",\"@id\":\"https:\\\/\\\/violonistemariage.ch\\\/index.php\\\/violon-solo-suisse-mariage-evenements\\\/#primaryimage\",\"url\":\"https:\\\/\\\/violonistemariage.ch\\\/wp-content\\\/uploads\\\/2025\\\/12\\\/P1050135-scaled.jpg\",\"contentUrl\":\"https:\\\/\\\/violonistemariage.ch\\\/wp-content\\\/uploads\\\/2025\\\/12\\\/P1050135-scaled.jpg\",\"width\":2560,\"height\":1441,\"caption\":\"violoniste mariage et event Suisse\"},{\"@type\":\"BreadcrumbList\",\"@id\":\"https:\\\/\\\/violonistemariage.ch\\\/index.php\\\/violon-solo-suisse-mariage-evenements\\\/#breadcrumb\",\"itemListElement\":[{\"@type\":\"ListItem\",\"position\":1,\"name\":\"Accueil\",\"item\":\"https:\\\/\\\/violonistemariage.ch\\\/\"},{\"@type\":\"ListItem\",\"position\":2,\"name\":\"Violon Solo\"}]},{\"@type\":\"WebSite\",\"@id\":\"https:\\\/\\\/violonistemariage.ch\\\/#website\",\"url\":\"https:\\\/\\\/violonistemariage.ch\\\/\",\"name\":\"Violoniste mariage &amp; event Suisse\",\"description\":\"Violoniste pour mariage et \u00e9v\u00e8nement\",\"potentialAction\":[{\"@type\":\"SearchAction\",\"target\":{\"@type\":\"EntryPoint\",\"urlTemplate\":\"https:\\\/\\\/violonistemariage.ch\\\/?s={search_term_string}\"},\"query-input\":{\"@type\":\"PropertyValueSpecification\",\"valueRequired\":true,\"valueName\":\"search_term_string\"}}],\"inLanguage\":\"fr-FR\"}]}<\/script>\n<!-- \/ Yoast SEO plugin. -->","yoast_head_json":{"title":"Violon Solo - Violoniste mariage &amp; event Suisse","description":"Violoniste solo professionnel en Suisse, j\u2019apporte \u00e9l\u00e9gance et \u00e9motion \u00e0 vos mariages et event. Pop, jazz, classique, deep house.","robots":{"index":"index","follow":"follow","max-snippet":"max-snippet:-1","max-image-preview":"max-image-preview:large","max-video-preview":"max-video-preview:-1"},"canonical":"https:\/\/violonistemariage.ch\/index.php\/violon-solo-suisse-mariage-evenements\/","og_locale":"fr_FR","og_type":"article","og_title":"Violon Solo - Violoniste mariage &amp; event Suisse","og_description":"Violoniste solo professionnel en Suisse, j\u2019apporte \u00e9l\u00e9gance et \u00e9motion \u00e0 vos mariages et event. Pop, jazz, classique, deep house.","og_url":"https:\/\/violonistemariage.ch\/index.php\/violon-solo-suisse-mariage-evenements\/","og_site_name":"Violoniste mariage &amp; event Suisse","article_modified_time":"2026-02-09T08:10:41+00:00","og_image":[{"width":2560,"height":1441,"url":"https:\/\/violonistemariage.ch\/wp-content\/uploads\/2025\/12\/P1050135-scaled.jpg","type":"image\/jpeg"}],"twitter_card":"summary_large_image","twitter_misc":{"Dur\u00e9e de lecture estim\u00e9e":"2 minutes"},"schema":{"@context":"https:\/\/schema.org","@graph":[{"@type":"WebPage","@id":"https:\/\/violonistemariage.ch\/index.php\/violon-solo-suisse-mariage-evenements\/","url":"https:\/\/violonistemariage.ch\/index.php\/violon-solo-suisse-mariage-evenements\/","name":"Violon Solo - Violoniste mariage &amp; event Suisse","isPartOf":{"@id":"https:\/\/violonistemariage.ch\/#website"},"primaryImageOfPage":{"@id":"https:\/\/violonistemariage.ch\/index.php\/violon-solo-suisse-mariage-evenements\/#primaryimage"},"image":{"@id":"https:\/\/violonistemariage.ch\/index.php\/violon-solo-suisse-mariage-evenements\/#primaryimage"},"thumbnailUrl":"https:\/\/violonistemariage.ch\/wp-content\/uploads\/2025\/12\/P1050135-scaled.jpg","datePublished":"2025-12-08T10:52:48+00:00","dateModified":"2026-02-09T08:10:41+00:00","description":"Violoniste solo professionnel en Suisse, j\u2019apporte \u00e9l\u00e9gance et \u00e9motion \u00e0 vos mariages et event. Pop, jazz, classique, deep house.","breadcrumb":{"@id":"https:\/\/violonistemariage.ch\/index.php\/violon-solo-suisse-mariage-evenements\/#breadcrumb"},"inLanguage":"fr-FR","potentialAction":[{"@type":"ReadAction","target":["https:\/\/violonistemariage.ch\/index.php\/violon-solo-suisse-mariage-evenements\/"]}]},{"@type":"ImageObject","inLanguage":"fr-FR","@id":"https:\/\/violonistemariage.ch\/index.php\/violon-solo-suisse-mariage-evenements\/#primaryimage","url":"https:\/\/violonistemariage.ch\/wp-content\/uploads\/2025\/12\/P1050135-scaled.jpg","contentUrl":"https:\/\/violonistemariage.ch\/wp-content\/uploads\/2025\/12\/P1050135-scaled.jpg","width":2560,"height":1441,"caption":"violoniste mariage et event Suisse"},{"@type":"BreadcrumbList","@id":"https:\/\/violonistemariage.ch\/index.php\/violon-solo-suisse-mariage-evenements\/#breadcrumb","itemListElement":[{"@type":"ListItem","position":1,"name":"Accueil","item":"https:\/\/violonistemariage.ch\/"},{"@type":"ListItem","position":2,"name":"Violon Solo"}]},{"@type":"WebSite","@id":"https:\/\/violonistemariage.ch\/#website","url":"https:\/\/violonistemariage.ch\/","name":"Violoniste mariage &amp; event Suisse","description":"Violoniste pour mariage et \u00e9v\u00e8nement","potentialAction":[{"@type":"SearchAction","target":{"@type":"EntryPoint","urlTemplate":"https:\/\/violonistemariage.ch\/?s={search_term_string}"},"query-input":{"@type":"PropertyValueSpecification","valueRequired":true,"valueName":"search_term_string"}}],"inLanguage":"fr-FR"}]}},"_links":{"self":[{"href":"https:\/\/violonistemariage.ch\/index.php\/wp-json\/wp\/v2\/pages\/138","targetHints":{"allow":["GET"]}}],"collection":[{"href":"https:\/\/violonistemariage.ch\/index.php\/wp-json\/wp\/v2\/pages"}],"about":[{"href":"https:\/\/violonistemariage.ch\/index.php\/wp-json\/wp\/v2\/types\/page"}],"author":[{"embeddable":true,"href":"https:\/\/violonistemariage.ch\/index.php\/wp-json\/wp\/v2\/users\/1"}],"replies":[{"embeddable":true,"href":"https:\/\/violonistemariage.ch\/index.php\/wp-json\/wp\/v2\/comments?post=138"}],"version-history":[{"count":29,"href":"https:\/\/violonistemariage.ch\/index.php\/wp-json\/wp\/v2\/pages\/138\/revisions"}],"predecessor-version":[{"id":499,"href":"https:\/\/violonistemariage.ch\/index.php\/wp-json\/wp\/v2\/pages\/138\/revisions\/499"}],"wp:featuredmedia":[{"embeddable":true,"href":"https:\/\/violonistemariage.ch\/index.php\/wp-json\/wp\/v2\/media\/98"}],"wp:attachment":[{"href":"https:\/\/violonistemariage.ch\/index.php\/wp-json\/wp\/v2\/media?parent=138"}],"curies":[{"name":"wp","href":"https:\/\/api.w.org\/{rel}","templated":true}]}}