{"id":178,"date":"2025-12-09T09:04:06","date_gmt":"2025-12-09T09:04:06","guid":{"rendered":"https:\/\/violonistemariage.ch\/?page_id=178"},"modified":"2026-01-14T07:30:03","modified_gmt":"2026-01-14T07:30:03","slug":"violoniste-suisse-evenements","status":"publish","type":"page","link":"https:\/\/violonistemariage.ch\/","title":{"rendered":"Violoniste professionnel en Suisse \u2013 Mariages &amp; evenements"},"content":{"rendered":"<p>[et_pb_section fb_built=\u00a0\u00bb1&Prime; fullwidth=\u00a0\u00bbon\u00a0\u00bb admin_label=\u00a0\u00bbHero Section\u00a0\u00bb _builder_version=\u00a0\u00bb4.16&Prime; background_color=\u00a0\u00bbrgba(255,255,255,0.7)\u00a0\u00bb animation_style=\u00a0\u00bbzoom\u00a0\u00bb animation_direction=\u00a0\u00bbbottom\u00a0\u00bb animation_intensity_zoom=\u00a0\u00bb4%\u00a0\u00bb global_colors_info=\u00a0\u00bb{}\u00a0\u00bb][et_pb_fullwidth_header title=\u00a0\u00bbVotre Violoniste\u00a0\u00bb subhead=\u00a0\u00bbDu solo intimiste au quatuor \u00e0 cordes &#8211; pop, classique &#038; Jazz\u00a0\u00bb text_orientation=\u00a0\u00bbcenter\u00a0\u00bb background_overlay_color=\u00a0\u00bbrgba(255,255,255,0.85)\u00a0\u00bb title_font_color=\u00a0\u00bb#444235&Prime; subhead_font_color=\u00a0\u00bb#444235&Prime; admin_label=\u00a0\u00bbHero\u00a0\u00bb _builder_version=\u00a0\u00bb4.27.5&Prime; title_font=\u00a0\u00bbComfortaa||||\u00a0\u00bb title_text_align=\u00a0\u00bbcenter\u00a0\u00bb title_text_color=\u00a0\u00bb#444235&Prime; title_font_size=\u00a0\u00bb72px\u00a0\u00bb title_line_height=\u00a0\u00bb1.3em\u00a0\u00bb subhead_font=\u00a0\u00bbOpen Sans|||on|\u00a0\u00bb subhead_text_align=\u00a0\u00bbcenter\u00a0\u00bb subhead_text_color=\u00a0\u00bb#444235&Prime; subhead_letter_spacing=\u00a0\u00bb1px\u00a0\u00bb subhead_line_height=\u00a0\u00bb2em\u00a0\u00bb background_color=\u00a0\u00bbrgba(255, 255, 255, 0)\u00a0\u00bb background_image=\u00a0\u00bbhttps:\/\/violonistemariage.ch\/wp-content\/uploads\/2025\/12\/page-header-bg.jpg\u00a0\u00bb parallax=\u00a0\u00bbon\u00a0\u00bb parallax_method=\u00a0\u00bbon\u00a0\u00bb custom_button_one=\u00a0\u00bbon\u00a0\u00bb button_one_text_size=\u00a0\u00bb16px\u00a0\u00bb button_one_text_color=\u00a0\u00bb#ffffff\u00a0\u00bb button_one_bg_color=\u00a0\u00bb#d1af83&Prime; button_one_border_width=\u00a0\u00bb10px\u00a0\u00bb button_one_border_color=\u00a0\u00bb#d1af83&Prime; button_one_border_radius=\u00a0\u00bb0px\u00a0\u00bb button_one_letter_spacing=\u00a0\u00bb6px\u00a0\u00bb button_one_font=\u00a0\u00bbOpen Sans||||\u00a0\u00bb button_one_icon=\u00a0\u00bb&#x24;||divi||400&Prime; button_one_icon_color=\u00a0\u00bb#ffffff\u00a0\u00bb button_one_on_hover=\u00a0\u00bboff\u00a0\u00bb background_layout=\u00a0\u00bblight\u00a0\u00bb custom_margin=\u00a0\u00bb-10px||||false|false\u00a0\u00bb custom_padding=\u00a0\u00bb43px||4px||false|false\u00a0\u00bb animation_style=\u00a0\u00bbfade\u00a0\u00bb title_font_size_tablet=\u00a0\u00bb\u00a0\u00bb title_font_size_phone=\u00a0\u00bb46px\u00a0\u00bb title_font_size_last_edited=\u00a0\u00bbon|phone\u00a0\u00bb button_one_letter_spacing_hover=\u00a0\u00bb10px\u00a0\u00bb saved_tabs=\u00a0\u00bball\u00a0\u00bb global_colors_info=\u00a0\u00bb{}\u00a0\u00bb button_one_text_size__hover_enabled=\u00a0\u00bboff\u00a0\u00bb button_two_text_size__hover_enabled=\u00a0\u00bboff\u00a0\u00bb button_one_text_color__hover_enabled=\u00a0\u00bboff\u00a0\u00bb button_two_text_color__hover_enabled=\u00a0\u00bboff\u00a0\u00bb button_one_border_width__hover_enabled=\u00a0\u00bboff\u00a0\u00bb button_two_border_width__hover_enabled=\u00a0\u00bboff\u00a0\u00bb button_one_border_color__hover_enabled=\u00a0\u00bboff\u00a0\u00bb button_two_border_color__hover_enabled=\u00a0\u00bboff\u00a0\u00bb button_one_border_radius__hover_enabled=\u00a0\u00bboff\u00a0\u00bb button_two_border_radius__hover_enabled=\u00a0\u00bboff\u00a0\u00bb button_one_letter_spacing__hover_enabled=\u00a0\u00bbon\u00a0\u00bb button_one_letter_spacing__hover=\u00a0\u00bb10px\u00a0\u00bb button_two_letter_spacing__hover_enabled=\u00a0\u00bboff\u00a0\u00bb button_one_bg_color__hover_enabled=\u00a0\u00bboff\u00a0\u00bb button_two_bg_color__hover_enabled=\u00a0\u00bboff\u00a0\u00bb][\/et_pb_fullwidth_header][\/et_pb_section][et_pb_section fb_built=\u00a0\u00bb1&Prime; admin_label=\u00a0\u00bbHow we Met Section\u00a0\u00bb _builder_version=\u00a0\u00bb4.16&Prime; background_color=\u00a0\u00bbrgba(209,197,186,0.16)\u00a0\u00bb min_height=\u00a0\u00bb580.7px\u00a0\u00bb custom_margin=\u00a0\u00bb-6px|||||\u00a0\u00bb custom_padding=\u00a0\u00bb3px||10px|||\u00a0\u00bb animation_direction=\u00a0\u00bbbottom\u00a0\u00bb global_colors_info=\u00a0\u00bb{}\u00a0\u00bb][et_pb_row column_structure=\u00a0\u00bb1_2,1_2&Prime; admin_label=\u00a0\u00bbHow we Met\u00a0\u00bb _builder_version=\u00a0\u00bb4.16&Prime; background_size=\u00a0\u00bbinitial\u00a0\u00bb background_position=\u00a0\u00bbtop_left\u00a0\u00bb background_repeat=\u00a0\u00bbrepeat\u00a0\u00bb min_height=\u00a0\u00bb498.4px\u00a0\u00bb custom_margin=\u00a0\u00bb2px|auto||auto||\u00a0\u00bb custom_padding=\u00a0\u00bb6px|||||\u00a0\u00bb animation_style=\u00a0\u00bbzoom\u00a0\u00bb animation_direction=\u00a0\u00bbbottom\u00a0\u00bb animation_intensity_zoom=\u00a0\u00bb8%\u00a0\u00bb global_colors_info=\u00a0\u00bb{}\u00a0\u00bb][et_pb_column type=\u00a0\u00bb1_2&Prime; _builder_version=\u00a0\u00bb4.16&Prime; custom_padding=\u00a0\u00bb|||\u00a0\u00bb global_colors_info=\u00a0\u00bb{}\u00a0\u00bb custom_padding__hover=\u00a0\u00bb|||\u00a0\u00bb][et_pb_image src=\u00a0\u00bbhttps:\/\/violonistemariage.ch\/wp-content\/uploads\/2025\/12\/IMG_6325-2-scaled.jpg\u00a0\u00bb alt=\u00a0\u00bbvioloniste mariage suisse\u00a0\u00bb title_text=\u00a0\u00bbVioloniste\u00a0\u00bb force_fullwidth=\u00a0\u00bbon\u00a0\u00bb align_tablet=\u00a0\u00bbcenter\u00a0\u00bb align_phone=\u00a0\u00bbcenter\u00a0\u00bb align_last_edited=\u00a0\u00bbon|desktop\u00a0\u00bb _builder_version=\u00a0\u00bb4.27.5&Prime; background_enable_image=\u00a0\u00bboff\u00a0\u00bb custom_margin=\u00a0\u00bb2px|0px||30px|false|false\u00a0\u00bb custom_padding=\u00a0\u00bb36px|49px|||false|false\u00a0\u00bb animation_style=\u00a0\u00bbslide\u00a0\u00bb animation_direction=\u00a0\u00bbleft\u00a0\u00bb animation_duration=\u00a0\u00bb500ms\u00a0\u00bb animation_intensity_slide=\u00a0\u00bb10%\u00a0\u00bb box_shadow_style=\u00a0\u00bbpreset1&Prime; global_colors_info=\u00a0\u00bb{}\u00a0\u00bb][\/et_pb_image][\/et_pb_column][et_pb_column type=\u00a0\u00bb1_2&Prime; _builder_version=\u00a0\u00bb4.16&Prime; custom_padding=\u00a0\u00bb60px|||\u00a0\u00bb global_colors_info=\u00a0\u00bb{}\u00a0\u00bb custom_padding__hover=\u00a0\u00bb|||\u00a0\u00bb][et_pb_text admin_label=\u00a0\u00bbSubtitle\u00a0\u00bb _builder_version=\u00a0\u00bb4.27.5&Prime; text_font=\u00a0\u00bbOpen Sans||||\u00a0\u00bb text_text_color=\u00a0\u00bbrgba(68,66,53,0.8)\u00a0\u00bb text_font_size=\u00a0\u00bb17px\u00a0\u00bb text_line_height=\u00a0\u00bb1.9em\u00a0\u00bb background_size=\u00a0\u00bbinitial\u00a0\u00bb background_position=\u00a0\u00bbtop_left\u00a0\u00bb background_repeat=\u00a0\u00bbrepeat\u00a0\u00bb max_width=\u00a0\u00bb800px\u00a0\u00bb module_alignment=\u00a0\u00bbcenter\u00a0\u00bb custom_margin=\u00a0\u00bb-23px|||||\u00a0\u00bb custom_padding=\u00a0\u00bb0px|||||\u00a0\u00bb animation_style=\u00a0\u00bbslide\u00a0\u00bb animation_direction=\u00a0\u00bbbottom\u00a0\u00bb animation_delay=\u00a0\u00bb50ms\u00a0\u00bb animation_intensity_slide=\u00a0\u00bb10%\u00a0\u00bb global_colors_info=\u00a0\u00bb{}\u00a0\u00bb]<\/p>\n<p style=\"text-align: justify;\">Je suis violoniste professionnel, passionn\u00e9 et exp\u00e9riment\u00e9, j&rsquo;apporte \u00e0 vos \u00e9v\u00e9nements une touche d\u2019\u00e9l\u00e9gance et d\u2019\u00e9motion.<\/p>\n<p style=\"text-align: justify;\">Que ce soit en <strong>solo <\/strong>ou<strong> en groupe (duo, trio, quartet)<\/strong>, j\u2019interpr\u00e8te un large r\u00e9pertoire : <strong>Pop covers<\/strong>, <strong>Deep House DJ set,<\/strong> <strong>classique<\/strong> et <strong>jazz<\/strong>.<\/p>\n<p style=\"text-align: justify;\"><span>Mariage (cocktail, c\u00e9r\u00e9monie), demande en mariage ou soir\u00e9e d\u2019entreprise : chaque prestation instaure une ambiance raffin\u00e9e et m\u00e9morable.<\/span><\/p>\n<p>[\/et_pb_text][et_pb_image src=\u00a0\u00bbhttps:\/\/violonistemariage.ch\/wp-content\/uploads\/2025\/12\/IMG_7623.jpg\u00a0\u00bb alt=\u00a0\u00bbvioloniste mariage et evenement Suisse\u00a0\u00bb title_text=\u00a0\u00bbVioloniste demande mariage\u00a0\u00bb _builder_version=\u00a0\u00bb4.27.5&Prime; _module_preset=\u00a0\u00bbdefault\u00a0\u00bb box_shadow_style=\u00a0\u00bbpreset1&Prime; global_colors_info=\u00a0\u00bb{}\u00a0\u00bb][\/et_pb_image][\/et_pb_column][\/et_pb_row][\/et_pb_section][et_pb_section fb_built=\u00a0\u00bb1&Prime; admin_label=\u00a0\u00bbOur Story Section\u00a0\u00bb _builder_version=\u00a0\u00bb4.27.5&Prime; background_color=\u00a0\u00bbrgba(209,203,198,0.59)\u00a0\u00bb background_enable_image=\u00a0\u00bboff\u00a0\u00bb parallax=\u00a0\u00bbon\u00a0\u00bb custom_margin=\u00a0\u00bb1px||2px|||\u00a0\u00bb custom_padding=\u00a0\u00bb9px||62px|||\u00a0\u00bb global_colors_info=\u00a0\u00bb{}\u00a0\u00bb][et_pb_row _builder_version=\u00a0\u00bb4.27.5&Prime; _module_preset=\u00a0\u00bbdefault\u00a0\u00bb global_colors_info=\u00a0\u00bb{}\u00a0\u00bb][et_pb_column type=\u00a0\u00bb4_4&Prime; _builder_version=\u00a0\u00bb4.27.5&Prime; _module_preset=\u00a0\u00bbdefault\u00a0\u00bb global_colors_info=\u00a0\u00bb{}\u00a0\u00bb][et_pb_text admin_label=\u00a0\u00bbTitle\u00a0\u00bb _builder_version=\u00a0\u00bb4.27.5&Prime; text_font=\u00a0\u00bb||||\u00a0\u00bb text_text_color=\u00a0\u00bb#3e3f56&Prime; header_font=\u00a0\u00bbComfortaa||||\u00a0\u00bb header_text_color=\u00a0\u00bb#444235&Prime; header_font_size=\u00a0\u00bb60px\u00a0\u00bb header_line_height=\u00a0\u00bb1.3em\u00a0\u00bb background_size=\u00a0\u00bbinitial\u00a0\u00bb background_position=\u00a0\u00bbtop_left\u00a0\u00bb background_repeat=\u00a0\u00bbrepeat\u00a0\u00bb width=\u00a0\u00bb99.9%\u00a0\u00bb module_alignment=\u00a0\u00bbcenter\u00a0\u00bb custom_margin=\u00a0\u00bb2px|||0px|false|false\u00a0\u00bb custom_padding=\u00a0\u00bb1px|||||\u00a0\u00bb text_font_size_tablet=\u00a0\u00bb\u00a0\u00bb text_font_size_phone=\u00a0\u00bb14px\u00a0\u00bb text_font_size_last_edited=\u00a0\u00bbon|phone\u00a0\u00bb header_font_size_tablet=\u00a0\u00bb\u00a0\u00bb header_font_size_phone=\u00a0\u00bb60px\u00a0\u00bb header_font_size_last_edited=\u00a0\u00bbon|phone\u00a0\u00bb global_colors_info=\u00a0\u00bb{}\u00a0\u00bb]<\/p>\n<h1 style=\"text-align: center;\"><span style=\"font-size: x-large;\">Mes propositions artistiques :<\/span><\/h1>\n<p>[\/et_pb_text][\/et_pb_column][\/et_pb_row][et_pb_row column_structure=\u00a0\u00bb1_3,1_3,1_3&Prime; _builder_version=\u00a0\u00bb4.27.5&Prime; _module_preset=\u00a0\u00bbdefault\u00a0\u00bb custom_padding=\u00a0\u00bb||6px|||\u00a0\u00bb global_colors_info=\u00a0\u00bb{}\u00a0\u00bb][et_pb_column type=\u00a0\u00bb1_3&Prime; _builder_version=\u00a0\u00bb4.27.5&Prime; _module_preset=\u00a0\u00bbdefault\u00a0\u00bb global_colors_info=\u00a0\u00bb{}\u00a0\u00bb][et_pb_image src=\u00a0\u00bbhttps:\/\/violonistemariage.ch\/wp-content\/uploads\/2025\/12\/IMG_7916-Grande.jpeg\u00a0\u00bb alt=\u00a0\u00bbVioloniste mariage et event suisse\u00a0\u00bb title_text=\u00a0\u00bbGerard violoniste suisse\u00a0\u00bb _builder_version=\u00a0\u00bb4.27.5&Prime; _module_preset=\u00a0\u00bbdefault\u00a0\u00bb custom_margin=\u00a0\u00bb||2px|||\u00a0\u00bb box_shadow_style=\u00a0\u00bbpreset1&Prime; global_colors_info=\u00a0\u00bb{}\u00a0\u00bb][\/et_pb_image][et_pb_button button_url=\u00a0\u00bbhttps:\/\/violonistemariage.ch\/index.php\/violon-solo\/\u00a0\u00bb button_text=\u00a0\u00bbViolon solo\u00a0\u00bb button_alignment=\u00a0\u00bbcenter\u00a0\u00bb _builder_version=\u00a0\u00bb4.27.5&Prime; _module_preset=\u00a0\u00bbdefault\u00a0\u00bb custom_button=\u00a0\u00bbon\u00a0\u00bb button_text_color=\u00a0\u00bb#000000&Prime; button_bg_enable_image=\u00a0\u00bboff\u00a0\u00bb button_border_width=\u00a0\u00bb0px\u00a0\u00bb button_border_color=\u00a0\u00bbrgba(145,145,145,0.28)\u00a0\u00bb button_border_radius=\u00a0\u00bb0px\u00a0\u00bb button_font=\u00a0\u00bbComfortaa|&#8211;et_global_body_font_weight|||||||\u00a0\u00bb button_icon=\u00a0\u00bb&#xf35a;||fa||400&Prime; button_icon_color=\u00a0\u00bb#000000&Prime; button_on_hover=\u00a0\u00bboff\u00a0\u00bb custom_padding=\u00a0\u00bb10px|||||\u00a0\u00bb global_colors_info=\u00a0\u00bb{}\u00a0\u00bb][\/et_pb_button][et_pb_image src=\u00a0\u00bbhttps:\/\/violonistemariage.ch\/wp-content\/uploads\/2025\/12\/P1050093-scaled.jpg\u00a0\u00bb alt=\u00a0\u00bbduo violon &#038; violoncelle\u00a0\u00bb title_text=\u00a0\u00bbduo violon &#038; cello\u00a0\u00bb _builder_version=\u00a0\u00bb4.27.5&Prime; _module_preset=\u00a0\u00bbdefault\u00a0\u00bb custom_margin=\u00a0\u00bb||2px|||\u00a0\u00bb box_shadow_style=\u00a0\u00bbpreset1&Prime; global_colors_info=\u00a0\u00bb{}\u00a0\u00bb][\/et_pb_image][et_pb_button button_url=\u00a0\u00bbhttps:\/\/violonistemariage.ch\/index.php\/violon-cello-duet\/\u00a0\u00bb button_text=\u00a0\u00bbDuo Violon &#038; Violoncelle\u00a0\u00bb button_alignment=\u00a0\u00bbcenter\u00a0\u00bb _builder_version=\u00a0\u00bb4.27.5&Prime; _module_preset=\u00a0\u00bbdefault\u00a0\u00bb custom_button=\u00a0\u00bbon\u00a0\u00bb button_text_color=\u00a0\u00bb#000000&Prime; button_bg_enable_image=\u00a0\u00bboff\u00a0\u00bb button_border_width=\u00a0\u00bb0px\u00a0\u00bb button_border_color=\u00a0\u00bbrgba(145,145,145,0.28)\u00a0\u00bb button_border_radius=\u00a0\u00bb0px\u00a0\u00bb button_font=\u00a0\u00bbComfortaa|&#8211;et_global_body_font_weight|||||||\u00a0\u00bb button_icon=\u00a0\u00bb&#xf35a;||fa||400&Prime; button_icon_color=\u00a0\u00bb#000000&Prime; button_on_hover=\u00a0\u00bboff\u00a0\u00bb custom_padding=\u00a0\u00bb10px|||||\u00a0\u00bb global_colors_info=\u00a0\u00bb{}\u00a0\u00bb][\/et_pb_button][\/et_pb_column][et_pb_column type=\u00a0\u00bb1_3&Prime; _builder_version=\u00a0\u00bb4.27.5&Prime; _module_preset=\u00a0\u00bbdefault\u00a0\u00bb global_colors_info=\u00a0\u00bb{}\u00a0\u00bb][et_pb_image src=\u00a0\u00bbhttps:\/\/violonistemariage.ch\/wp-content\/uploads\/2025\/12\/LemanGypsy3.jpeg\u00a0\u00bb alt=\u00a0\u00bbJazz manouche trio avec violoniste\u00a0\u00bb title_text=\u00a0\u00bbLeman Gypsy\u00a0\u00bb _builder_version=\u00a0\u00bb4.27.5&Prime; _module_preset=\u00a0\u00bbdefault\u00a0\u00bb custom_margin=\u00a0\u00bb||3px|||\u00a0\u00bb box_shadow_style=\u00a0\u00bbpreset1&Prime; global_colors_info=\u00a0\u00bb{}\u00a0\u00bb][\/et_pb_image][et_pb_button button_url=\u00a0\u00bbhttps:\/\/violonistemariage.ch\/index.php\/jazz-manouche-trio\/\u00a0\u00bb button_text=\u00a0\u00bbJazz manouche trio\u00a0\u00bb button_alignment=\u00a0\u00bbcenter\u00a0\u00bb _builder_version=\u00a0\u00bb4.27.5&Prime; _module_preset=\u00a0\u00bbdefault\u00a0\u00bb custom_button=\u00a0\u00bbon\u00a0\u00bb button_text_color=\u00a0\u00bb#000000&Prime; button_bg_enable_image=\u00a0\u00bboff\u00a0\u00bb button_border_width=\u00a0\u00bb0px\u00a0\u00bb button_border_color=\u00a0\u00bbrgba(145,145,145,0.28)\u00a0\u00bb button_border_radius=\u00a0\u00bb0px\u00a0\u00bb button_font=\u00a0\u00bbComfortaa|&#8211;et_global_body_font_weight|||||||\u00a0\u00bb button_icon=\u00a0\u00bb&#xf35a;||fa||400&Prime; button_icon_color=\u00a0\u00bb#000000&Prime; button_on_hover=\u00a0\u00bboff\u00a0\u00bb custom_margin=\u00a0\u00bb-3px||16px|||\u00a0\u00bb custom_padding=\u00a0\u00bb10px|||||\u00a0\u00bb global_colors_info=\u00a0\u00bb{}\u00a0\u00bb][\/et_pb_button][et_pb_image src=\u00a0\u00bbhttps:\/\/violonistemariage.ch\/wp-content\/uploads\/2025\/12\/1_1.2.1-Grande.jpeg\u00a0\u00bb alt=\u00a0\u00bbJazz vocal quartet\u00a0\u00bb title_text=\u00a0\u00bbQuartet de jazz vocal\u00a0\u00bb _builder_version=\u00a0\u00bb4.27.5&Prime; _module_preset=\u00a0\u00bbdefault\u00a0\u00bb custom_margin=\u00a0\u00bb||11px|||\u00a0\u00bb custom_padding=\u00a0\u00bb||5px|||\u00a0\u00bb box_shadow_style=\u00a0\u00bbpreset1&Prime; global_colors_info=\u00a0\u00bb{}\u00a0\u00bb][\/et_pb_image][et_pb_button button_url=\u00a0\u00bbhttps:\/\/violonistemariage.ch\/index.php\/vocal-jazz-quartet\/\u00a0\u00bb button_text=\u00a0\u00bbVocal Jazz quartet\u00a0\u00bb button_alignment=\u00a0\u00bbcenter\u00a0\u00bb _builder_version=\u00a0\u00bb4.27.5&Prime; _module_preset=\u00a0\u00bbdefault\u00a0\u00bb custom_button=\u00a0\u00bbon\u00a0\u00bb button_text_color=\u00a0\u00bb#000000&Prime; button_bg_enable_image=\u00a0\u00bboff\u00a0\u00bb button_border_width=\u00a0\u00bb0px\u00a0\u00bb button_border_color=\u00a0\u00bbrgba(145,145,145,0.28)\u00a0\u00bb button_border_radius=\u00a0\u00bb0px\u00a0\u00bb button_font=\u00a0\u00bbComfortaa|&#8211;et_global_body_font_weight|||||||\u00a0\u00bb button_icon=\u00a0\u00bb&#xf35a;||fa||400&Prime; button_icon_color=\u00a0\u00bb#000000&Prime; button_on_hover=\u00a0\u00bboff\u00a0\u00bb custom_margin=\u00a0\u00bb-15px|||||\u00a0\u00bb custom_padding=\u00a0\u00bb10px|||||\u00a0\u00bb global_colors_info=\u00a0\u00bb{}\u00a0\u00bb][\/et_pb_button][\/et_pb_column][et_pb_column type=\u00a0\u00bb1_3&Prime; _builder_version=\u00a0\u00bb4.27.5&Prime; _module_preset=\u00a0\u00bbdefault\u00a0\u00bb global_colors_info=\u00a0\u00bb{}\u00a0\u00bb][et_pb_image src=\u00a0\u00bbhttps:\/\/violonistemariage.ch\/wp-content\/uploads\/2025\/12\/VD2.jpg\u00a0\u00bb alt=\u00a0\u00bbquatuor \u00e0 cordes Bridgerton Suisse\u00a0\u00bb title_text=\u00a0\u00bbQuatuor \u00e0 cordes\u00a0\u00bb _builder_version=\u00a0\u00bb4.27.5&Prime; _module_preset=\u00a0\u00bbdefault\u00a0\u00bb custom_margin=\u00a0\u00bb||1px|||\u00a0\u00bb custom_padding=\u00a0\u00bb||5px|||\u00a0\u00bb box_shadow_style=\u00a0\u00bbpreset1&Prime; global_colors_info=\u00a0\u00bb{}\u00a0\u00bb][\/et_pb_image][et_pb_button button_url=\u00a0\u00bbhttps:\/\/violonistemariage.ch\/index.php\/quatuor-a-cordes\/\u00a0\u00bb button_text=\u00a0\u00bbQuatuor \u00e0 cordes\u00a0\u00bb button_alignment=\u00a0\u00bbcenter\u00a0\u00bb _builder_version=\u00a0\u00bb4.27.5&Prime; _module_preset=\u00a0\u00bbdefault\u00a0\u00bb custom_button=\u00a0\u00bbon\u00a0\u00bb button_text_color=\u00a0\u00bb#000000&Prime; button_bg_enable_image=\u00a0\u00bboff\u00a0\u00bb button_border_width=\u00a0\u00bb0px\u00a0\u00bb button_border_color=\u00a0\u00bbrgba(145,145,145,0.28)\u00a0\u00bb button_border_radius=\u00a0\u00bb0px\u00a0\u00bb button_font=\u00a0\u00bbComfortaa|&#8211;et_global_body_font_weight|||||||\u00a0\u00bb button_icon=\u00a0\u00bb&#xf35a;||fa||400&Prime; button_icon_color=\u00a0\u00bb#000000&Prime; button_on_hover=\u00a0\u00bboff\u00a0\u00bb custom_margin=\u00a0\u00bb-5px|||||\u00a0\u00bb custom_padding=\u00a0\u00bb10px|||||\u00a0\u00bb global_colors_info=\u00a0\u00bb{}\u00a0\u00bb][\/et_pb_button][et_pb_image src=\u00a0\u00bbhttps:\/\/violonistemariage.ch\/wp-content\/uploads\/2025\/12\/Capture-decran-2025-12-08-a-09.08.25-Grande.jpeg\u00a0\u00bb alt=\u00a0\u00bbNew Orleans Jazz trio\u00a0\u00bb title_text=\u00a0\u00bbNew Orleans Jazz Trio\u00a0\u00bb _builder_version=\u00a0\u00bb4.27.5&Prime; _module_preset=\u00a0\u00bbdefault\u00a0\u00bb custom_margin=\u00a0\u00bb-19px||0px|||\u00a0\u00bb box_shadow_style=\u00a0\u00bbpreset1&Prime; global_colors_info=\u00a0\u00bb{}\u00a0\u00bb][\/et_pb_image][et_pb_button button_url=\u00a0\u00bbhttps:\/\/violonistemariage.ch\/index.php\/new-orleans-trio\/\u00a0\u00bb button_text=\u00a0\u00bbNew Orleans trio\u00a0\u00bb button_alignment=\u00a0\u00bbcenter\u00a0\u00bb _builder_version=\u00a0\u00bb4.27.5&Prime; _module_preset=\u00a0\u00bbdefault\u00a0\u00bb custom_button=\u00a0\u00bbon\u00a0\u00bb button_text_color=\u00a0\u00bb#000000&Prime; button_bg_enable_image=\u00a0\u00bboff\u00a0\u00bb button_border_width=\u00a0\u00bb0px\u00a0\u00bb button_border_color=\u00a0\u00bbrgba(145,145,145,0.28)\u00a0\u00bb button_border_radius=\u00a0\u00bb0px\u00a0\u00bb button_font=\u00a0\u00bbComfortaa|&#8211;et_global_body_font_weight|||||||\u00a0\u00bb button_icon=\u00a0\u00bb&#xf35a;||fa||400&Prime; button_icon_color=\u00a0\u00bb#000000&Prime; button_on_hover=\u00a0\u00bboff\u00a0\u00bb custom_padding=\u00a0\u00bb10px|||||\u00a0\u00bb global_colors_info=\u00a0\u00bb{}\u00a0\u00bb][\/et_pb_button][\/et_pb_column][\/et_pb_row][\/et_pb_section][et_pb_section fb_built=\u00a0\u00bb1&Prime; admin_label=\u00a0\u00bbVideo Section\u00a0\u00bb _builder_version=\u00a0\u00bb4.16&Prime; custom_padding=\u00a0\u00bb0px||0px|\u00a0\u00bb global_colors_info=\u00a0\u00bb{}\u00a0\u00bb][et_pb_row use_custom_gutter=\u00a0\u00bbon\u00a0\u00bb gutter_width=\u00a0\u00bb1&Prime; admin_label=\u00a0\u00bbVideo Area\u00a0\u00bb module_class=\u00a0\u00bb et_pb_row_fullwidth\u00a0\u00bb _builder_version=\u00a0\u00bb4.16&Prime; background_size=\u00a0\u00bbinitial\u00a0\u00bb background_position=\u00a0\u00bbtop_left\u00a0\u00bb background_repeat=\u00a0\u00bbrepeat\u00a0\u00bb width=\u00a0\u00bb100%\u00a0\u00bb width_tablet=\u00a0\u00bb100%\u00a0\u00bb width_phone=\u00a0\u00bb\u00a0\u00bb width_last_edited=\u00a0\u00bbon|desktop\u00a0\u00bb max_width=\u00a0\u00bb100%\u00a0\u00bb max_width_tablet=\u00a0\u00bb100%\u00a0\u00bb max_width_phone=\u00a0\u00bb\u00a0\u00bb max_width_last_edited=\u00a0\u00bbon|desktop\u00a0\u00bb custom_padding=\u00a0\u00bb0px||0px|\u00a0\u00bb make_fullwidth=\u00a0\u00bbon\u00a0\u00bb global_colors_info=\u00a0\u00bb{}\u00a0\u00bb][et_pb_column type=\u00a0\u00bb4_4&Prime; _builder_version=\u00a0\u00bb4.16&Prime; custom_padding=\u00a0\u00bb|||\u00a0\u00bb global_colors_info=\u00a0\u00bb{}\u00a0\u00bb custom_padding__hover=\u00a0\u00bb|||\u00a0\u00bb][et_pb_video src=\u00a0\u00bbhttps:\/\/violonistemariage.ch\/wp-content\/uploads\/2025\/12\/Teaser-VD-1.mov\u00a0\u00bb image_src=\u00a0\u00bbhttps:\/\/violonistemariage.ch\/wp-content\/uploads\/2025\/12\/0041-Christophe-Serrano-Z62_8770-0041-scaled.jpg\u00a0\u00bb play_icon_color=\u00a0\u00bb#ffffff\u00a0\u00bb _builder_version=\u00a0\u00bb4.27.5&Prime; global_colors_info=\u00a0\u00bb{}\u00a0\u00bb][\/et_pb_video][\/et_pb_column][\/et_pb_row][\/et_pb_section][et_pb_section fb_built=\u00a0\u00bb1&Prime; admin_label=\u00a0\u00bbContact Form Section\u00a0\u00bb module_id=\u00a0\u00bbcontact\u00a0\u00bb _builder_version=\u00a0\u00bb4.27.5&Prime; background_color=\u00a0\u00bb#d1af83&Prime; background_blend=\u00a0\u00bbcolor\u00a0\u00bb custom_padding=\u00a0\u00bb120px||120px|\u00a0\u00bb global_colors_info=\u00a0\u00bb{}\u00a0\u00bb][et_pb_row admin_label=\u00a0\u00bbContact Form Title\u00a0\u00bb _builder_version=\u00a0\u00bb4.16&Prime; background_size=\u00a0\u00bbinitial\u00a0\u00bb background_position=\u00a0\u00bbtop_left\u00a0\u00bb background_repeat=\u00a0\u00bbrepeat\u00a0\u00bb locked=\u00a0\u00bboff\u00a0\u00bb global_colors_info=\u00a0\u00bb{}\u00a0\u00bb][et_pb_column type=\u00a0\u00bb4_4&Prime; _builder_version=\u00a0\u00bb4.16&Prime; custom_padding=\u00a0\u00bb|||\u00a0\u00bb global_colors_info=\u00a0\u00bb{}\u00a0\u00bb custom_padding__hover=\u00a0\u00bb|||\u00a0\u00bb][et_pb_text admin_label=\u00a0\u00bbTitle\u00a0\u00bb _builder_version=\u00a0\u00bb4.27.5&Prime; text_font=\u00a0\u00bb||||\u00a0\u00bb header_font=\u00a0\u00bbComfortaa||||\u00a0\u00bb header_text_align=\u00a0\u00bbcenter\u00a0\u00bb header_font_size=\u00a0\u00bb60px\u00a0\u00bb header_line_height=\u00a0\u00bb1.3em\u00a0\u00bb background_size=\u00a0\u00bbinitial\u00a0\u00bb background_position=\u00a0\u00bbtop_left\u00a0\u00bb background_repeat=\u00a0\u00bbrepeat\u00a0\u00bb text_orientation=\u00a0\u00bbcenter\u00a0\u00bb background_layout=\u00a0\u00bbdark\u00a0\u00bb module_alignment=\u00a0\u00bbcenter\u00a0\u00bb animation_style=\u00a0\u00bbslide\u00a0\u00bb animation_direction=\u00a0\u00bbbottom\u00a0\u00bb animation_intensity_slide=\u00a0\u00bb10%\u00a0\u00bb global_colors_info=\u00a0\u00bb{}\u00a0\u00bb]<\/p>\n<h1>Contact &amp; Devis<\/h1>\n<p>[\/et_pb_text][et_pb_text admin_label=\u00a0\u00bbSubtitle\u00a0\u00bb _builder_version=\u00a0\u00bb4.27.5&Prime; text_font=\u00a0\u00bbOpen Sans||||\u00a0\u00bb text_font_size=\u00a0\u00bb17px\u00a0\u00bb text_line_height=\u00a0\u00bb1.9em\u00a0\u00bb background_size=\u00a0\u00bbinitial\u00a0\u00bb background_position=\u00a0\u00bbtop_left\u00a0\u00bb background_repeat=\u00a0\u00bbrepeat\u00a0\u00bb text_orientation=\u00a0\u00bbcenter\u00a0\u00bb background_layout=\u00a0\u00bbdark\u00a0\u00bb max_width=\u00a0\u00bb800px\u00a0\u00bb module_alignment=\u00a0\u00bbcenter\u00a0\u00bb custom_margin=\u00a0\u00bb|||\u00a0\u00bb custom_padding=\u00a0\u00bb|||\u00a0\u00bb global_colors_info=\u00a0\u00bb{}\u00a0\u00bb]<\/p>\n<p>N&rsquo;h\u00e9sitez surtout pas \u00e0 me poser toutes les questions que vous jugeriez utiles, je me ferais un plaisir de vous y r\u00e9pondre dans les meilleurs d\u00e9lais.<\/p>\n<p>[\/et_pb_text][et_pb_text _builder_version=\u00a0\u00bb4.27.5&Prime; _module_preset=\u00a0\u00bbdefault\u00a0\u00bb text_font=\u00a0\u00bbComfortaa||||||||\u00a0\u00bb text_font_size=\u00a0\u00bb20px\u00a0\u00bb hover_enabled=\u00a0\u00bb0&Prime; global_colors_info=\u00a0\u00bb{}\u00a0\u00bb sticky_enabled=\u00a0\u00bb0&Prime;]<\/p>\n<p style=\"text-align: center;\"><a href=\"mailto:contact@violonistemariage.ch\" title=\"Violoniste mariage Suisse\">contact@violonistemariage.ch<\/a><\/p>\n<p>[\/et_pb_text][\/et_pb_column][\/et_pb_row][et_pb_row admin_label=\u00a0\u00bbSocial Media\u00a0\u00bb _builder_version=\u00a0\u00bb4.16&Prime; background_size=\u00a0\u00bbinitial\u00a0\u00bb background_position=\u00a0\u00bbtop_left\u00a0\u00bb background_repeat=\u00a0\u00bbrepeat\u00a0\u00bb global_colors_info=\u00a0\u00bb{}\u00a0\u00bb][et_pb_column type=\u00a0\u00bb4_4&Prime; _builder_version=\u00a0\u00bb4.16&Prime; custom_padding=\u00a0\u00bb|||\u00a0\u00bb global_colors_info=\u00a0\u00bb{}\u00a0\u00bb custom_padding__hover=\u00a0\u00bb|||\u00a0\u00bb][et_pb_social_media_follow _builder_version=\u00a0\u00bb4.27.5&Prime; text_orientation=\u00a0\u00bbcenter\u00a0\u00bb custom_padding=\u00a0\u00bb|||\u00a0\u00bb animation_style=\u00a0\u00bbbounce\u00a0\u00bb border_radii=\u00a0\u00bbon|100%|100%|100%|100%\u00a0\u00bb link_shape=\u00a0\u00bbcircle\u00a0\u00bb global_colors_info=\u00a0\u00bb{}\u00a0\u00bb][et_pb_social_media_follow_network social_network=\u00a0\u00bbinstagram\u00a0\u00bb url=\u00a0\u00bbhttps:\/\/www.instagram.com\/stories\/gypsygones\/\u00a0\u00bb _builder_version=\u00a0\u00bb4.27.5&Prime; background_color=\u00a0\u00bbrgba(255,255,255,0.2)\u00a0\u00bb custom_margin=\u00a0\u00bb|10px||10px\u00a0\u00bb custom_padding=\u00a0\u00bb20px|20px|20px|20px\u00a0\u00bb bg_color=\u00a0\u00bb#3b5998&Prime; global_colors_info=\u00a0\u00bb{}\u00a0\u00bb follow_button=\u00a0\u00bboff\u00a0\u00bb url_new_window=\u00a0\u00bbon\u00a0\u00bb]instagram[\/et_pb_social_media_follow_network][\/et_pb_social_media_follow][\/et_pb_column][\/et_pb_row][\/et_pb_section]<\/p>\n","protected":false},"excerpt":{"rendered":"<p>Je suis violoniste professionnel, passionn\u00e9 et exp\u00e9riment\u00e9, j&rsquo;apporte \u00e0 vos \u00e9v\u00e9nements une touche d\u2019\u00e9l\u00e9gance et d\u2019\u00e9motion. Que ce soit en solo ou en groupe (duo, trio, quartet), j\u2019interpr\u00e8te un large r\u00e9pertoire : Pop covers, Deep House DJ set, classique et jazz. Mariage (cocktail, c\u00e9r\u00e9monie), demande en mariage ou soir\u00e9e d\u2019entreprise : chaque prestation instaure une [&hellip;]<\/p>\n","protected":false},"author":1,"featured_media":373,"parent":0,"menu_order":0,"comment_status":"closed","ping_status":"closed","template":"","meta":{"_et_pb_use_builder":"on","_et_pb_old_content":"","_et_gb_content_width":"","footnotes":""},"class_list":["post-178","page","type-page","status-publish","has-post-thumbnail","hentry"],"yoast_head":"<!-- This site is optimized with the Yoast SEO plugin v27.4 - https:\/\/yoast.com\/product\/yoast-seo-wordpress\/ -->\n<title>Violoniste professionnel en Suisse \u2013 Mariages &amp; evenements - Violoniste mariage &amp; event Suisse<\/title>\n<meta name=\"description\" content=\"Violoniste professionnel en Suisse, j\u2019apporte \u00e9l\u00e9gance et \u00e9motion \u00e0 vos mariages et event. Pop, jazz, classique, deep house. Solo au quartet\" \/>\n<meta name=\"robots\" content=\"index, follow, max-snippet:-1, max-image-preview:large, max-video-preview:-1\" \/>\n<link rel=\"canonical\" href=\"https:\/\/violonistemariage.ch\/\" \/>\n<meta property=\"og:locale\" content=\"fr_FR\" \/>\n<meta property=\"og:type\" content=\"article\" \/>\n<meta property=\"og:title\" content=\"Violoniste professionnel en Suisse \u2013 Mariages &amp; evenements - Violoniste mariage &amp; event Suisse\" \/>\n<meta property=\"og:description\" content=\"Violoniste professionnel en Suisse, j\u2019apporte \u00e9l\u00e9gance et \u00e9motion \u00e0 vos mariages et event. Pop, jazz, classique, deep house. Solo au quartet\" \/>\n<meta property=\"og:url\" content=\"https:\/\/violonistemariage.ch\/\" \/>\n<meta property=\"og:site_name\" content=\"Violoniste mariage &amp; event Suisse\" \/>\n<meta property=\"article:modified_time\" content=\"2026-01-14T07:30:03+00:00\" \/>\n<meta property=\"og:image\" content=\"https:\/\/violonistemariage.ch\/wp-content\/uploads\/2025\/12\/Capture-decran-2025-12-16-a-16.57.42-Grande.jpeg\" \/>\n\t<meta property=\"og:image:width\" content=\"1280\" \/>\n\t<meta property=\"og:image:height\" content=\"719\" \/>\n\t<meta property=\"og:image:type\" content=\"image\/jpeg\" \/>\n<meta name=\"twitter:card\" content=\"summary_large_image\" \/>\n<meta name=\"twitter:label1\" content=\"Dur\u00e9e de lecture estim\u00e9e\" \/>\n\t<meta name=\"twitter:data1\" content=\"5 minutes\" \/>\n<script type=\"application\/ld+json\" class=\"yoast-schema-graph\">{\"@context\":\"https:\\\/\\\/schema.org\",\"@graph\":[{\"@type\":\"WebPage\",\"@id\":\"https:\\\/\\\/violonistemariage.ch\\\/\",\"url\":\"https:\\\/\\\/violonistemariage.ch\\\/\",\"name\":\"Violoniste professionnel en Suisse \u2013 Mariages &amp; evenements - Violoniste mariage &amp; event Suisse\",\"isPartOf\":{\"@id\":\"https:\\\/\\\/violonistemariage.ch\\\/#website\"},\"primaryImageOfPage\":{\"@id\":\"https:\\\/\\\/violonistemariage.ch\\\/#primaryimage\"},\"image\":{\"@id\":\"https:\\\/\\\/violonistemariage.ch\\\/#primaryimage\"},\"thumbnailUrl\":\"https:\\\/\\\/violonistemariage.ch\\\/wp-content\\\/uploads\\\/2025\\\/12\\\/Capture-decran-2025-12-16-a-17.00.02-Grande.jpeg\",\"datePublished\":\"2025-12-09T09:04:06+00:00\",\"dateModified\":\"2026-01-14T07:30:03+00:00\",\"description\":\"Violoniste professionnel en Suisse, j\u2019apporte \u00e9l\u00e9gance et \u00e9motion \u00e0 vos mariages et event. Pop, jazz, classique, deep house. Solo au quartet\",\"breadcrumb\":{\"@id\":\"https:\\\/\\\/violonistemariage.ch\\\/#breadcrumb\"},\"inLanguage\":\"fr-FR\",\"potentialAction\":[{\"@type\":\"ReadAction\",\"target\":[\"https:\\\/\\\/violonistemariage.ch\\\/\"]}]},{\"@type\":\"ImageObject\",\"inLanguage\":\"fr-FR\",\"@id\":\"https:\\\/\\\/violonistemariage.ch\\\/#primaryimage\",\"url\":\"https:\\\/\\\/violonistemariage.ch\\\/wp-content\\\/uploads\\\/2025\\\/12\\\/Capture-decran-2025-12-16-a-17.00.02-Grande.jpeg\",\"contentUrl\":\"https:\\\/\\\/violonistemariage.ch\\\/wp-content\\\/uploads\\\/2025\\\/12\\\/Capture-decran-2025-12-16-a-17.00.02-Grande.jpeg\",\"width\":1280,\"height\":717,\"caption\":\"Screenshot\"},{\"@type\":\"BreadcrumbList\",\"@id\":\"https:\\\/\\\/violonistemariage.ch\\\/#breadcrumb\",\"itemListElement\":[{\"@type\":\"ListItem\",\"position\":1,\"name\":\"Accueil\",\"item\":\"https:\\\/\\\/violonistemariage.ch\\\/\"},{\"@type\":\"ListItem\",\"position\":2,\"name\":\"Violoniste professionnel en Suisse \u2013 Mariages &amp; evenements\"}]},{\"@type\":\"WebSite\",\"@id\":\"https:\\\/\\\/violonistemariage.ch\\\/#website\",\"url\":\"https:\\\/\\\/violonistemariage.ch\\\/\",\"name\":\"Violoniste mariage &amp; event Suisse\",\"description\":\"Violoniste pour mariage et \u00e9v\u00e8nement\",\"potentialAction\":[{\"@type\":\"SearchAction\",\"target\":{\"@type\":\"EntryPoint\",\"urlTemplate\":\"https:\\\/\\\/violonistemariage.ch\\\/?s={search_term_string}\"},\"query-input\":{\"@type\":\"PropertyValueSpecification\",\"valueRequired\":true,\"valueName\":\"search_term_string\"}}],\"inLanguage\":\"fr-FR\"}]}<\/script>\n<!-- \/ Yoast SEO plugin. -->","yoast_head_json":{"title":"Violoniste professionnel en Suisse \u2013 Mariages &amp; evenements - Violoniste mariage &amp; event Suisse","description":"Violoniste professionnel en Suisse, j\u2019apporte \u00e9l\u00e9gance et \u00e9motion \u00e0 vos mariages et event. Pop, jazz, classique, deep house. Solo au quartet","robots":{"index":"index","follow":"follow","max-snippet":"max-snippet:-1","max-image-preview":"max-image-preview:large","max-video-preview":"max-video-preview:-1"},"canonical":"https:\/\/violonistemariage.ch\/","og_locale":"fr_FR","og_type":"article","og_title":"Violoniste professionnel en Suisse \u2013 Mariages &amp; evenements - Violoniste mariage &amp; event Suisse","og_description":"Violoniste professionnel en Suisse, j\u2019apporte \u00e9l\u00e9gance et \u00e9motion \u00e0 vos mariages et event. Pop, jazz, classique, deep house. Solo au quartet","og_url":"https:\/\/violonistemariage.ch\/","og_site_name":"Violoniste mariage &amp; event Suisse","article_modified_time":"2026-01-14T07:30:03+00:00","og_image":[{"width":1280,"height":719,"url":"https:\/\/violonistemariage.ch\/wp-content\/uploads\/2025\/12\/Capture-decran-2025-12-16-a-16.57.42-Grande.jpeg","type":"image\/jpeg"}],"twitter_card":"summary_large_image","twitter_misc":{"Dur\u00e9e de lecture estim\u00e9e":"5 minutes"},"schema":{"@context":"https:\/\/schema.org","@graph":[{"@type":"WebPage","@id":"https:\/\/violonistemariage.ch\/","url":"https:\/\/violonistemariage.ch\/","name":"Violoniste professionnel en Suisse \u2013 Mariages &amp; evenements - Violoniste mariage &amp; event Suisse","isPartOf":{"@id":"https:\/\/violonistemariage.ch\/#website"},"primaryImageOfPage":{"@id":"https:\/\/violonistemariage.ch\/#primaryimage"},"image":{"@id":"https:\/\/violonistemariage.ch\/#primaryimage"},"thumbnailUrl":"https:\/\/violonistemariage.ch\/wp-content\/uploads\/2025\/12\/Capture-decran-2025-12-16-a-17.00.02-Grande.jpeg","datePublished":"2025-12-09T09:04:06+00:00","dateModified":"2026-01-14T07:30:03+00:00","description":"Violoniste professionnel en Suisse, j\u2019apporte \u00e9l\u00e9gance et \u00e9motion \u00e0 vos mariages et event. Pop, jazz, classique, deep house. Solo au quartet","breadcrumb":{"@id":"https:\/\/violonistemariage.ch\/#breadcrumb"},"inLanguage":"fr-FR","potentialAction":[{"@type":"ReadAction","target":["https:\/\/violonistemariage.ch\/"]}]},{"@type":"ImageObject","inLanguage":"fr-FR","@id":"https:\/\/violonistemariage.ch\/#primaryimage","url":"https:\/\/violonistemariage.ch\/wp-content\/uploads\/2025\/12\/Capture-decran-2025-12-16-a-17.00.02-Grande.jpeg","contentUrl":"https:\/\/violonistemariage.ch\/wp-content\/uploads\/2025\/12\/Capture-decran-2025-12-16-a-17.00.02-Grande.jpeg","width":1280,"height":717,"caption":"Screenshot"},{"@type":"BreadcrumbList","@id":"https:\/\/violonistemariage.ch\/#breadcrumb","itemListElement":[{"@type":"ListItem","position":1,"name":"Accueil","item":"https:\/\/violonistemariage.ch\/"},{"@type":"ListItem","position":2,"name":"Violoniste professionnel en Suisse \u2013 Mariages &amp; evenements"}]},{"@type":"WebSite","@id":"https:\/\/violonistemariage.ch\/#website","url":"https:\/\/violonistemariage.ch\/","name":"Violoniste mariage &amp; event Suisse","description":"Violoniste pour mariage et \u00e9v\u00e8nement","potentialAction":[{"@type":"SearchAction","target":{"@type":"EntryPoint","urlTemplate":"https:\/\/violonistemariage.ch\/?s={search_term_string}"},"query-input":{"@type":"PropertyValueSpecification","valueRequired":true,"valueName":"search_term_string"}}],"inLanguage":"fr-FR"}]}},"_links":{"self":[{"href":"https:\/\/violonistemariage.ch\/index.php\/wp-json\/wp\/v2\/pages\/178","targetHints":{"allow":["GET"]}}],"collection":[{"href":"https:\/\/violonistemariage.ch\/index.php\/wp-json\/wp\/v2\/pages"}],"about":[{"href":"https:\/\/violonistemariage.ch\/index.php\/wp-json\/wp\/v2\/types\/page"}],"author":[{"embeddable":true,"href":"https:\/\/violonistemariage.ch\/index.php\/wp-json\/wp\/v2\/users\/1"}],"replies":[{"embeddable":true,"href":"https:\/\/violonistemariage.ch\/index.php\/wp-json\/wp\/v2\/comments?post=178"}],"version-history":[{"count":62,"href":"https:\/\/violonistemariage.ch\/index.php\/wp-json\/wp\/v2\/pages\/178\/revisions"}],"predecessor-version":[{"id":486,"href":"https:\/\/violonistemariage.ch\/index.php\/wp-json\/wp\/v2\/pages\/178\/revisions\/486"}],"wp:featuredmedia":[{"embeddable":true,"href":"https:\/\/violonistemariage.ch\/index.php\/wp-json\/wp\/v2\/media\/373"}],"wp:attachment":[{"href":"https:\/\/violonistemariage.ch\/index.php\/wp-json\/wp\/v2\/media?parent=178"}],"curies":[{"name":"wp","href":"https:\/\/api.w.org\/{rel}","templated":true}]}}