{"id":355,"date":"2025-12-16T11:18:57","date_gmt":"2025-12-16T11:18:57","guid":{"rendered":"https:\/\/violonistemariage.ch\/?page_id=355"},"modified":"2025-12-25T09:24:23","modified_gmt":"2025-12-25T09:24:23","slug":"vocal-jazz-quartet","status":"publish","type":"page","link":"https:\/\/violonistemariage.ch\/index.php\/vocal-jazz-quartet\/","title":{"rendered":"Vocal Jazz Quartet"},"content":{"rendered":"<p>[et_pb_section fb_built=\u00a0\u00bb1&Prime; fullwidth=\u00a0\u00bbon\u00a0\u00bb admin_label=\u00a0\u00bbHero Section\u00a0\u00bb _builder_version=\u00a0\u00bb4.16&Prime; background_color=\u00a0\u00bbrgba(255,255,255,0.7)\u00a0\u00bb animation_style=\u00a0\u00bbzoom\u00a0\u00bb animation_direction=\u00a0\u00bbbottom\u00a0\u00bb animation_intensity_zoom=\u00a0\u00bb4%\u00a0\u00bb global_colors_info=\u00a0\u00bb{}\u00a0\u00bb][et_pb_fullwidth_header title=\u00a0\u00bbVocal Jazz Quartet\u00a0\u00bb subhead=\u00a0\u00bb%22 Sweet &#038; gentle %22&Prime; text_orientation=\u00a0\u00bbcenter\u00a0\u00bb background_overlay_color=\u00a0\u00bbrgba(255,255,255,0.85)\u00a0\u00bb title_font_color=\u00a0\u00bb#444235&Prime; subhead_font_color=\u00a0\u00bb#444235&Prime; subhead_tablet=\u00a0\u00bbSo romantic !\u00a0\u00bb subhead_phone=\u00a0\u00bbSo romantic !\u00a0\u00bb subhead_last_edited=\u00a0\u00bbon|desktop\u00a0\u00bb admin_label=\u00a0\u00bbHero\u00a0\u00bb _builder_version=\u00a0\u00bb4.27.5&Prime; title_font=\u00a0\u00bbComfortaa||||\u00a0\u00bb title_text_align=\u00a0\u00bbcenter\u00a0\u00bb title_text_color=\u00a0\u00bb#444235&Prime; title_font_size=\u00a0\u00bb72px\u00a0\u00bb title_line_height=\u00a0\u00bb1.3em\u00a0\u00bb subhead_font=\u00a0\u00bbComfortaa||on|on|||||\u00a0\u00bb subhead_text_align=\u00a0\u00bbcenter\u00a0\u00bb subhead_text_color=\u00a0\u00bb#444235&Prime; subhead_font_size=\u00a0\u00bb20px\u00a0\u00bb subhead_letter_spacing=\u00a0\u00bb1px\u00a0\u00bb subhead_line_height=\u00a0\u00bb2em\u00a0\u00bb background_color=\u00a0\u00bbrgba(255, 255, 255, 0)\u00a0\u00bb background_image=\u00a0\u00bbhttps:\/\/violonistemariage.ch\/wp-content\/uploads\/2025\/12\/page-header-bg.jpg\u00a0\u00bb parallax=\u00a0\u00bbon\u00a0\u00bb parallax_method=\u00a0\u00bbon\u00a0\u00bb custom_button_one=\u00a0\u00bbon\u00a0\u00bb button_one_text_size=\u00a0\u00bb16px\u00a0\u00bb button_one_text_color=\u00a0\u00bb#ffffff\u00a0\u00bb button_one_bg_color=\u00a0\u00bb#d1af83&Prime; button_one_border_width=\u00a0\u00bb10px\u00a0\u00bb button_one_border_color=\u00a0\u00bb#d1af83&Prime; button_one_border_radius=\u00a0\u00bb0px\u00a0\u00bb button_one_letter_spacing=\u00a0\u00bb6px\u00a0\u00bb button_one_font=\u00a0\u00bbOpen Sans||||\u00a0\u00bb button_one_icon=\u00a0\u00bb&#x24;||divi||400&Prime; button_one_icon_color=\u00a0\u00bb#ffffff\u00a0\u00bb button_one_on_hover=\u00a0\u00bboff\u00a0\u00bb background_layout=\u00a0\u00bblight\u00a0\u00bb custom_margin=\u00a0\u00bb-10px||||false|false\u00a0\u00bb custom_padding=\u00a0\u00bb43px||42px||false|false\u00a0\u00bb animation_style=\u00a0\u00bbfade\u00a0\u00bb title_font_size_tablet=\u00a0\u00bb\u00a0\u00bb title_font_size_phone=\u00a0\u00bb46px\u00a0\u00bb title_font_size_last_edited=\u00a0\u00bbon|phone\u00a0\u00bb button_one_letter_spacing_hover=\u00a0\u00bb10px\u00a0\u00bb saved_tabs=\u00a0\u00bball\u00a0\u00bb global_colors_info=\u00a0\u00bb{}\u00a0\u00bb button_one_text_size__hover_enabled=\u00a0\u00bboff\u00a0\u00bb button_two_text_size__hover_enabled=\u00a0\u00bboff\u00a0\u00bb button_one_text_color__hover_enabled=\u00a0\u00bboff\u00a0\u00bb button_two_text_color__hover_enabled=\u00a0\u00bboff\u00a0\u00bb button_one_border_width__hover_enabled=\u00a0\u00bboff\u00a0\u00bb button_two_border_width__hover_enabled=\u00a0\u00bboff\u00a0\u00bb button_one_border_color__hover_enabled=\u00a0\u00bboff\u00a0\u00bb button_two_border_color__hover_enabled=\u00a0\u00bboff\u00a0\u00bb button_one_border_radius__hover_enabled=\u00a0\u00bboff\u00a0\u00bb button_two_border_radius__hover_enabled=\u00a0\u00bboff\u00a0\u00bb button_one_letter_spacing__hover_enabled=\u00a0\u00bbon\u00a0\u00bb button_one_letter_spacing__hover=\u00a0\u00bb10px\u00a0\u00bb button_two_letter_spacing__hover_enabled=\u00a0\u00bboff\u00a0\u00bb button_one_bg_color__hover_enabled=\u00a0\u00bboff\u00a0\u00bb button_two_bg_color__hover_enabled=\u00a0\u00bboff\u00a0\u00bb subhead__hover_enabled=\u00a0\u00bbon|hover\u00a0\u00bb subhead__hover=\u00a0\u00bbSo elegant !\u00a0\u00bb][\/et_pb_fullwidth_header][\/et_pb_section][et_pb_section fb_built=\u00a0\u00bb1&Prime; admin_label=\u00a0\u00bbOur Story Section\u00a0\u00bb _builder_version=\u00a0\u00bb4.16&Prime; custom_padding=\u00a0\u00bb4px||100px|||\u00a0\u00bb global_colors_info=\u00a0\u00bb{}\u00a0\u00bb][et_pb_row column_structure=\u00a0\u00bb1_3,1_3,1_3&Prime; admin_label=\u00a0\u00bbOur Story\u00a0\u00bb _builder_version=\u00a0\u00bb4.16&Prime; background_size=\u00a0\u00bbinitial\u00a0\u00bb background_position=\u00a0\u00bbtop_left\u00a0\u00bb background_repeat=\u00a0\u00bbrepeat\u00a0\u00bb global_colors_info=\u00a0\u00bb{}\u00a0\u00bb][et_pb_column type=\u00a0\u00bb1_3&Prime; _builder_version=\u00a0\u00bb4.16&Prime; custom_padding=\u00a0\u00bb|||\u00a0\u00bb global_colors_info=\u00a0\u00bb{}\u00a0\u00bb custom_padding__hover=\u00a0\u00bb|||\u00a0\u00bb][et_pb_image src=\u00a0\u00bbhttps:\/\/violonistemariage.ch\/wp-content\/uploads\/2025\/12\/P1050602-Grande.jpeg\u00a0\u00bb alt=\u00a0\u00bbquartet jazz vocal avec chanteuse et violoniste\u00a0\u00bb title_text=\u00a0\u00bbSweet &#038; Gentle\u00a0\u00bb _builder_version=\u00a0\u00bb4.27.5&Prime; _module_preset=\u00a0\u00bbdefault\u00a0\u00bb box_shadow_style=\u00a0\u00bbpreset1&Prime; global_colors_info=\u00a0\u00bb{}\u00a0\u00bb][\/et_pb_image][et_pb_image src=\u00a0\u00bbhttps:\/\/violonistemariage.ch\/wp-content\/uploads\/2025\/12\/Capture-decran-2025-12-16-a-17.04.24-Grande.jpeg\u00a0\u00bb alt=\u00a0\u00bbquartet de jazz vocal avec chanteuse et violoniste\u00a0\u00bb title_text=\u00a0\u00bbSweet &#038; Gentle\u00a0\u00bb _builder_version=\u00a0\u00bb4.27.5&Prime; _module_preset=\u00a0\u00bbdefault\u00a0\u00bb box_shadow_style=\u00a0\u00bbpreset1&Prime; global_colors_info=\u00a0\u00bb{}\u00a0\u00bb][\/et_pb_image][et_pb_image src=\u00a0\u00bbhttps:\/\/violonistemariage.ch\/wp-content\/uploads\/2025\/12\/Capture-decran-2025-12-16-a-17.01.30-Grande.jpeg\u00a0\u00bb alt=\u00a0\u00bbquartet de jazz vocal avec chanteuse et violoniste\u00a0\u00bb title_text=\u00a0\u00bbSweet &#038; Gentle\u00a0\u00bb _builder_version=\u00a0\u00bb4.27.5&Prime; _module_preset=\u00a0\u00bbdefault\u00a0\u00bb box_shadow_style=\u00a0\u00bbpreset1&Prime; global_colors_info=\u00a0\u00bb{}\u00a0\u00bb][\/et_pb_image][et_pb_image src=\u00a0\u00bbhttps:\/\/violonistemariage.ch\/wp-content\/uploads\/2025\/12\/Capture-decran-2025-12-16-a-17.00.02-Grande.jpeg\u00a0\u00bb alt=\u00a0\u00bbquartet de jazz vocal avec violoniste et chanteuse\u00a0\u00bb title_text=\u00a0\u00bbSweet &#038; Gentle\u00a0\u00bb _builder_version=\u00a0\u00bb4.27.5&Prime; _module_preset=\u00a0\u00bbdefault\u00a0\u00bb box_shadow_style=\u00a0\u00bbpreset1&Prime; global_colors_info=\u00a0\u00bb{}\u00a0\u00bb][\/et_pb_image][et_pb_button _builder_version=\u00a0\u00bb4.16&Prime; global_colors_info=\u00a0\u00bb{}\u00a0\u00bb button_text_size__hover_enabled=\u00a0\u00bboff\u00a0\u00bb button_one_text_size__hover_enabled=\u00a0\u00bboff\u00a0\u00bb button_two_text_size__hover_enabled=\u00a0\u00bboff\u00a0\u00bb button_text_color__hover_enabled=\u00a0\u00bboff\u00a0\u00bb button_one_text_color__hover_enabled=\u00a0\u00bboff\u00a0\u00bb button_two_text_color__hover_enabled=\u00a0\u00bboff\u00a0\u00bb button_border_width__hover_enabled=\u00a0\u00bboff\u00a0\u00bb button_one_border_width__hover_enabled=\u00a0\u00bboff\u00a0\u00bb button_two_border_width__hover_enabled=\u00a0\u00bboff\u00a0\u00bb button_border_color__hover_enabled=\u00a0\u00bboff\u00a0\u00bb button_one_border_color__hover_enabled=\u00a0\u00bboff\u00a0\u00bb button_two_border_color__hover_enabled=\u00a0\u00bboff\u00a0\u00bb button_border_radius__hover_enabled=\u00a0\u00bboff\u00a0\u00bb button_one_border_radius__hover_enabled=\u00a0\u00bboff\u00a0\u00bb button_two_border_radius__hover_enabled=\u00a0\u00bboff\u00a0\u00bb button_letter_spacing__hover_enabled=\u00a0\u00bboff\u00a0\u00bb button_one_letter_spacing__hover_enabled=\u00a0\u00bboff\u00a0\u00bb button_two_letter_spacing__hover_enabled=\u00a0\u00bboff\u00a0\u00bb button_bg_color__hover_enabled=\u00a0\u00bboff\u00a0\u00bb button_one_bg_color__hover_enabled=\u00a0\u00bboff\u00a0\u00bb button_two_bg_color__hover_enabled=\u00a0\u00bboff\u00a0\u00bb][\/et_pb_button][\/et_pb_column][et_pb_column type=\u00a0\u00bb1_3&Prime; _builder_version=\u00a0\u00bb4.27.5&Prime; _module_preset=\u00a0\u00bbdefault\u00a0\u00bb global_colors_info=\u00a0\u00bb{}\u00a0\u00bb][et_pb_text _builder_version=\u00a0\u00bb4.27.5&Prime; text_font=\u00a0\u00bbOpen Sans||||\u00a0\u00bb text_text_color=\u00a0\u00bbrgba(68,66,53,0.8)\u00a0\u00bb text_font_size=\u00a0\u00bb17px\u00a0\u00bb text_line_height=\u00a0\u00bb1.9em\u00a0\u00bb background_size=\u00a0\u00bbinitial\u00a0\u00bb background_position=\u00a0\u00bbtop_left\u00a0\u00bb background_repeat=\u00a0\u00bbrepeat\u00a0\u00bb custom_padding=\u00a0\u00bb|||\u00a0\u00bb animation_style=\u00a0\u00bbslide\u00a0\u00bb animation_direction=\u00a0\u00bbbottom\u00a0\u00bb animation_delay=\u00a0\u00bb100ms\u00a0\u00bb animation_intensity_slide=\u00a0\u00bb5%\u00a0\u00bb global_colors_info=\u00a0\u00bb{}\u00a0\u00bb]<\/p>\n<p style=\"text-align: justify;\"><span>Plongez dans l\u2019univers raffin\u00e9 et chaleureux de notre <strong>quartet de jazz vocal<\/strong>, une formation singuli\u00e8re qui r\u00e9unit quatre musiciens passionn\u00e9s :<\/span><\/p>\n<ul style=\"text-align: justify;\">\n<li>\n<p><span>une voix f\u00e9minine lumineuse et expressive,<\/span><\/p>\n<\/li>\n<li>\n<p><span>un violon aux accents tant\u00f4t lyriques, tant\u00f4t swing,<\/span><\/p>\n<\/li>\n<li>\n<p><span>une guitare subtile et \u00e9l\u00e9gante,<\/span><\/p>\n<\/li>\n<li>\n<p><span>une contrebasse solide et enveloppante.<\/span><\/p>\n<\/li>\n<\/ul>\n<p style=\"text-align: justify;\"><span>Ensemble, nous revisitons les grandes heures du <strong>jazz vocal am\u00e9ricain<\/strong>, en puisant notre inspiration aupr\u00e8s des figures embl\u00e9matiques telles qu\u2019<strong>Ella Fitzgerald<\/strong> ou <strong>Stacey Kent<\/strong>. Notre musique s\u2019inscrit dans cette tradition, tout en y apportant une couleur originale gr\u00e2ce \u00e0 l\u2019association rare du violon et de la voix.<\/span><\/p>\n<p style=\"text-align: justify;\"><span>Chaque concert est une invitation au voyage : des standards intemporels aux interpr\u00e9tations personnelles, nous cherchons \u00e0 cr\u00e9er une atmosph\u00e8re intime et vibrante, o\u00f9 swing et \u00e9motion se rencontrent.<\/span><\/p>\n<p style=\"text-align: justify;\"><span>Que ce soit pour un festival, une soir\u00e9e priv\u00e9e ou un \u00e9v\u00e9nement culturel, notre quartet vous propose une exp\u00e9rience musicale \u00e9l\u00e9gante et authentique, empreinte de charme et de complicit\u00e9.<\/span><\/p>\n<p>[\/et_pb_text][\/et_pb_column][et_pb_column type=\u00a0\u00bb1_3&Prime; _builder_version=\u00a0\u00bb4.16&Prime; custom_padding=\u00a0\u00bb|||\u00a0\u00bb global_colors_info=\u00a0\u00bb{}\u00a0\u00bb custom_padding__hover=\u00a0\u00bb|||\u00a0\u00bb][et_pb_video src=\u00a0\u00bbhttps:\/\/youtu.be\/pSatIS4I4_w?si=PiXIcbmZ5LmdoMWP\u00a0\u00bb _builder_version=\u00a0\u00bb4.27.5&Prime; _module_preset=\u00a0\u00bbdefault\u00a0\u00bb box_shadow_style=\u00a0\u00bbpreset1&Prime; global_colors_info=\u00a0\u00bb{}\u00a0\u00bb][\/et_pb_video][et_pb_video src=\u00a0\u00bbhttps:\/\/youtu.be\/KlFcRdq-0Lc?si=zLfY-WPGg42xqb6H\u00a0\u00bb _builder_version=\u00a0\u00bb4.27.5&Prime; _module_preset=\u00a0\u00bbdefault\u00a0\u00bb box_shadow_style=\u00a0\u00bbpreset1&Prime; global_colors_info=\u00a0\u00bb{}\u00a0\u00bb][\/et_pb_video][et_pb_image src=\u00a0\u00bbhttps:\/\/violonistemariage.ch\/wp-content\/uploads\/2025\/12\/Capture-decran-2025-12-16-a-17.02.42-Grande.jpeg\u00a0\u00bb alt=\u00a0\u00bbquartet de jazz vocal avec chanteuse et violoniste\u00a0\u00bb title_text=\u00a0\u00bbSweet &#038; Gentle\u00a0\u00bb _builder_version=\u00a0\u00bb4.27.5&Prime; _module_preset=\u00a0\u00bbdefault\u00a0\u00bb box_shadow_style=\u00a0\u00bbpreset1&Prime; global_colors_info=\u00a0\u00bb{}\u00a0\u00bb][\/et_pb_image][et_pb_image src=\u00a0\u00bbhttps:\/\/violonistemariage.ch\/wp-content\/uploads\/2025\/12\/Greg-Grande.jpeg\u00a0\u00bb alt=\u00a0\u00bbnew orleans trio guitariste violoniste et saxo suisse\u00a0\u00bb title_text=\u00a0\u00bbNew Orleans trio \u00a0\u00bb _builder_version=\u00a0\u00bb4.27.5&Prime; _module_preset=\u00a0\u00bbdefault\u00a0\u00bb box_shadow_style=\u00a0\u00bbpreset1&Prime; global_colors_info=\u00a0\u00bb{}\u00a0\u00bb][\/et_pb_image][\/et_pb_column][\/et_pb_row][\/et_pb_section][et_pb_section fb_built=\u00a0\u00bb1&Prime; admin_label=\u00a0\u00bbVideo Section\u00a0\u00bb _builder_version=\u00a0\u00bb4.27.5&Prime; background_image=\u00a0\u00bbhttps:\/\/violonistemariage.ch\/wp-content\/uploads\/2025\/12\/sg.jpeg\u00a0\u00bb parallax=\u00a0\u00bbon\u00a0\u00bb custom_margin=\u00a0\u00bb||-1px|||\u00a0\u00bb custom_padding=\u00a0\u00bb0px||713px|||\u00a0\u00bb global_colors_info=\u00a0\u00bb{}\u00a0\u00bb][\/et_pb_section][et_pb_section fb_built=\u00a0\u00bb1&Prime; admin_label=\u00a0\u00bbContact Form Section\u00a0\u00bb module_id=\u00a0\u00bbrsvp\u00a0\u00bb _builder_version=\u00a0\u00bb4.16&Prime; background_color=\u00a0\u00bb#d1af83&Prime; background_blend=\u00a0\u00bbcolor\u00a0\u00bb custom_padding=\u00a0\u00bb120px||120px|\u00a0\u00bb global_colors_info=\u00a0\u00bb{}\u00a0\u00bb][et_pb_row admin_label=\u00a0\u00bbContact Form Title\u00a0\u00bb _builder_version=\u00a0\u00bb4.16&Prime; background_size=\u00a0\u00bbinitial\u00a0\u00bb background_position=\u00a0\u00bbtop_left\u00a0\u00bb background_repeat=\u00a0\u00bbrepeat\u00a0\u00bb locked=\u00a0\u00bboff\u00a0\u00bb global_colors_info=\u00a0\u00bb{}\u00a0\u00bb][et_pb_column type=\u00a0\u00bb4_4&Prime; _builder_version=\u00a0\u00bb4.16&Prime; custom_padding=\u00a0\u00bb|||\u00a0\u00bb global_colors_info=\u00a0\u00bb{}\u00a0\u00bb custom_padding__hover=\u00a0\u00bb|||\u00a0\u00bb][et_pb_text admin_label=\u00a0\u00bbTitle\u00a0\u00bb _builder_version=\u00a0\u00bb4.27.5&Prime; text_font=\u00a0\u00bb||||\u00a0\u00bb header_font=\u00a0\u00bbComfortaa||||\u00a0\u00bb header_text_align=\u00a0\u00bbcenter\u00a0\u00bb header_font_size=\u00a0\u00bb60px\u00a0\u00bb header_line_height=\u00a0\u00bb1.3em\u00a0\u00bb background_size=\u00a0\u00bbinitial\u00a0\u00bb background_position=\u00a0\u00bbtop_left\u00a0\u00bb background_repeat=\u00a0\u00bbrepeat\u00a0\u00bb text_orientation=\u00a0\u00bbcenter\u00a0\u00bb background_layout=\u00a0\u00bbdark\u00a0\u00bb module_alignment=\u00a0\u00bbcenter\u00a0\u00bb animation_style=\u00a0\u00bbslide\u00a0\u00bb animation_direction=\u00a0\u00bbbottom\u00a0\u00bb animation_intensity_slide=\u00a0\u00bb10%\u00a0\u00bb global_colors_info=\u00a0\u00bb{}\u00a0\u00bb]<\/p>\n<h1>Contact &amp; Devis<\/h1>\n<p>[\/et_pb_text][et_pb_text admin_label=\u00a0\u00bbSubtitle\u00a0\u00bb _builder_version=\u00a0\u00bb4.27.5&Prime; text_font=\u00a0\u00bbOpen Sans||||\u00a0\u00bb text_font_size=\u00a0\u00bb17px\u00a0\u00bb text_line_height=\u00a0\u00bb1.9em\u00a0\u00bb background_size=\u00a0\u00bbinitial\u00a0\u00bb background_position=\u00a0\u00bbtop_left\u00a0\u00bb background_repeat=\u00a0\u00bbrepeat\u00a0\u00bb text_orientation=\u00a0\u00bbcenter\u00a0\u00bb background_layout=\u00a0\u00bbdark\u00a0\u00bb max_width=\u00a0\u00bb800px\u00a0\u00bb module_alignment=\u00a0\u00bbcenter\u00a0\u00bb custom_margin=\u00a0\u00bb|||\u00a0\u00bb custom_padding=\u00a0\u00bb|||\u00a0\u00bb global_colors_info=\u00a0\u00bb{}\u00a0\u00bb]<\/p>\n<p>N&rsquo;h\u00e9sitez surtout pas \u00e0 me poser toutes les questions que vous jugeriez utiles, je me ferais un plaisir de vous y r\u00e9pondre dans les meilleurs d\u00e9lais.<\/p>\n<p>[\/et_pb_text][et_pb_text _builder_version=\u00a0\u00bb4.27.5&Prime; _module_preset=\u00a0\u00bbdefault\u00a0\u00bb hover_enabled=\u00a0\u00bb0&Prime; global_colors_info=\u00a0\u00bb{}\u00a0\u00bb text_font=\u00a0\u00bbComfortaa||||||||\u00a0\u00bb text_font_size=\u00a0\u00bb20px\u00a0\u00bb sticky_enabled=\u00a0\u00bb0&Prime;]<\/p>\n<p style=\"text-align: center;\"><a href=\"mailto:lemangypsy@gmail.com\">lemangypsy@gmail.com<\/a><\/p>\n<p>[\/et_pb_text][\/et_pb_column][\/et_pb_row][et_pb_row admin_label=\u00a0\u00bbSocial Media\u00a0\u00bb _builder_version=\u00a0\u00bb4.16&Prime; background_size=\u00a0\u00bbinitial\u00a0\u00bb background_position=\u00a0\u00bbtop_left\u00a0\u00bb background_repeat=\u00a0\u00bbrepeat\u00a0\u00bb global_colors_info=\u00a0\u00bb{}\u00a0\u00bb][et_pb_column type=\u00a0\u00bb4_4&Prime; _builder_version=\u00a0\u00bb4.16&Prime; custom_padding=\u00a0\u00bb|||\u00a0\u00bb global_colors_info=\u00a0\u00bb{}\u00a0\u00bb custom_padding__hover=\u00a0\u00bb|||\u00a0\u00bb][et_pb_social_media_follow _builder_version=\u00a0\u00bb4.27.5&Prime; text_orientation=\u00a0\u00bbcenter\u00a0\u00bb custom_padding=\u00a0\u00bb|||\u00a0\u00bb animation_style=\u00a0\u00bbbounce\u00a0\u00bb border_radii=\u00a0\u00bbon|100%|100%|100%|100%\u00a0\u00bb link_shape=\u00a0\u00bbcircle\u00a0\u00bb global_colors_info=\u00a0\u00bb{}\u00a0\u00bb][et_pb_social_media_follow_network social_network=\u00a0\u00bbinstagram\u00a0\u00bb url=\u00a0\u00bbhttps:\/\/www.instagram.com\/stories\/gypsygones\/\u00a0\u00bb _builder_version=\u00a0\u00bb4.27.5&Prime; background_color=\u00a0\u00bbrgba(255,255,255,0.2)\u00a0\u00bb custom_margin=\u00a0\u00bb|10px||10px\u00a0\u00bb custom_padding=\u00a0\u00bb20px|20px|20px|20px\u00a0\u00bb bg_color=\u00a0\u00bb#3b5998&Prime; global_colors_info=\u00a0\u00bb{}\u00a0\u00bb follow_button=\u00a0\u00bboff\u00a0\u00bb url_new_window=\u00a0\u00bbon\u00a0\u00bb]instagram[\/et_pb_social_media_follow_network][\/et_pb_social_media_follow][\/et_pb_column][\/et_pb_row][\/et_pb_section]<\/p>\n","protected":false},"excerpt":{"rendered":"<p>Plongez dans l\u2019univers raffin\u00e9 et chaleureux de notre quartet de jazz vocal, une formation singuli\u00e8re qui r\u00e9unit quatre musiciens passionn\u00e9s : une voix f\u00e9minine lumineuse et expressive, un violon aux accents tant\u00f4t lyriques, tant\u00f4t swing, une guitare subtile et \u00e9l\u00e9gante, une contrebasse solide et enveloppante. Ensemble, nous revisitons les grandes heures du jazz vocal am\u00e9ricain, [&hellip;]<\/p>\n","protected":false},"author":1,"featured_media":0,"parent":0,"menu_order":0,"comment_status":"closed","ping_status":"closed","template":"","meta":{"_et_pb_use_builder":"on","_et_pb_old_content":"","_et_gb_content_width":"","footnotes":""},"class_list":["post-355","page","type-page","status-publish","hentry"],"yoast_head":"<!-- This site is optimized with the Yoast SEO plugin v27.4 - https:\/\/yoast.com\/product\/yoast-seo-wordpress\/ -->\n<title>Vocal Jazz Quartet - Violoniste mariage &amp; event Suisse<\/title>\n<meta name=\"robots\" content=\"index, follow, max-snippet:-1, max-image-preview:large, max-video-preview:-1\" \/>\n<link rel=\"canonical\" href=\"https:\/\/violonistemariage.ch\/index.php\/vocal-jazz-quartet\/\" \/>\n<meta property=\"og:locale\" content=\"fr_FR\" \/>\n<meta property=\"og:type\" content=\"article\" \/>\n<meta property=\"og:title\" content=\"Vocal Jazz Quartet - Violoniste mariage &amp; event Suisse\" \/>\n<meta property=\"og:description\" content=\"Plongez dans l\u2019univers raffin\u00e9 et chaleureux de notre quartet de jazz vocal, une formation singuli\u00e8re qui r\u00e9unit quatre musiciens passionn\u00e9s : une voix f\u00e9minine lumineuse et expressive, un violon aux accents tant\u00f4t lyriques, tant\u00f4t swing, une guitare subtile et \u00e9l\u00e9gante, une contrebasse solide et enveloppante. Ensemble, nous revisitons les grandes heures du jazz vocal am\u00e9ricain, [&hellip;]\" \/>\n<meta property=\"og:url\" content=\"https:\/\/violonistemariage.ch\/index.php\/vocal-jazz-quartet\/\" \/>\n<meta property=\"og:site_name\" content=\"Violoniste mariage &amp; event Suisse\" \/>\n<meta property=\"article:modified_time\" content=\"2025-12-25T09:24:23+00:00\" \/>\n<meta name=\"twitter:card\" content=\"summary_large_image\" \/>\n<meta name=\"twitter:label1\" content=\"Dur\u00e9e de lecture estim\u00e9e\" \/>\n\t<meta name=\"twitter:data1\" content=\"2 minutes\" \/>\n<script type=\"application\/ld+json\" class=\"yoast-schema-graph\">{\"@context\":\"https:\\\/\\\/schema.org\",\"@graph\":[{\"@type\":\"WebPage\",\"@id\":\"https:\\\/\\\/violonistemariage.ch\\\/index.php\\\/vocal-jazz-quartet\\\/\",\"url\":\"https:\\\/\\\/violonistemariage.ch\\\/index.php\\\/vocal-jazz-quartet\\\/\",\"name\":\"Vocal Jazz Quartet - Violoniste mariage &amp; event Suisse\",\"isPartOf\":{\"@id\":\"https:\\\/\\\/violonistemariage.ch\\\/#website\"},\"datePublished\":\"2025-12-16T11:18:57+00:00\",\"dateModified\":\"2025-12-25T09:24:23+00:00\",\"breadcrumb\":{\"@id\":\"https:\\\/\\\/violonistemariage.ch\\\/index.php\\\/vocal-jazz-quartet\\\/#breadcrumb\"},\"inLanguage\":\"fr-FR\",\"potentialAction\":[{\"@type\":\"ReadAction\",\"target\":[\"https:\\\/\\\/violonistemariage.ch\\\/index.php\\\/vocal-jazz-quartet\\\/\"]}]},{\"@type\":\"BreadcrumbList\",\"@id\":\"https:\\\/\\\/violonistemariage.ch\\\/index.php\\\/vocal-jazz-quartet\\\/#breadcrumb\",\"itemListElement\":[{\"@type\":\"ListItem\",\"position\":1,\"name\":\"Accueil\",\"item\":\"https:\\\/\\\/violonistemariage.ch\\\/\"},{\"@type\":\"ListItem\",\"position\":2,\"name\":\"Vocal Jazz Quartet\"}]},{\"@type\":\"WebSite\",\"@id\":\"https:\\\/\\\/violonistemariage.ch\\\/#website\",\"url\":\"https:\\\/\\\/violonistemariage.ch\\\/\",\"name\":\"Violoniste mariage &amp; event Suisse\",\"description\":\"Violoniste pour mariage et \u00e9v\u00e8nement\",\"potentialAction\":[{\"@type\":\"SearchAction\",\"target\":{\"@type\":\"EntryPoint\",\"urlTemplate\":\"https:\\\/\\\/violonistemariage.ch\\\/?s={search_term_string}\"},\"query-input\":{\"@type\":\"PropertyValueSpecification\",\"valueRequired\":true,\"valueName\":\"search_term_string\"}}],\"inLanguage\":\"fr-FR\"}]}<\/script>\n<!-- \/ Yoast SEO plugin. -->","yoast_head_json":{"title":"Vocal Jazz Quartet - Violoniste mariage &amp; event Suisse","robots":{"index":"index","follow":"follow","max-snippet":"max-snippet:-1","max-image-preview":"max-image-preview:large","max-video-preview":"max-video-preview:-1"},"canonical":"https:\/\/violonistemariage.ch\/index.php\/vocal-jazz-quartet\/","og_locale":"fr_FR","og_type":"article","og_title":"Vocal Jazz Quartet - Violoniste mariage &amp; event Suisse","og_description":"Plongez dans l\u2019univers raffin\u00e9 et chaleureux de notre quartet de jazz vocal, une formation singuli\u00e8re qui r\u00e9unit quatre musiciens passionn\u00e9s : une voix f\u00e9minine lumineuse et expressive, un violon aux accents tant\u00f4t lyriques, tant\u00f4t swing, une guitare subtile et \u00e9l\u00e9gante, une contrebasse solide et enveloppante. Ensemble, nous revisitons les grandes heures du jazz vocal am\u00e9ricain, [&hellip;]","og_url":"https:\/\/violonistemariage.ch\/index.php\/vocal-jazz-quartet\/","og_site_name":"Violoniste mariage &amp; event Suisse","article_modified_time":"2025-12-25T09:24:23+00:00","twitter_card":"summary_large_image","twitter_misc":{"Dur\u00e9e de lecture estim\u00e9e":"2 minutes"},"schema":{"@context":"https:\/\/schema.org","@graph":[{"@type":"WebPage","@id":"https:\/\/violonistemariage.ch\/index.php\/vocal-jazz-quartet\/","url":"https:\/\/violonistemariage.ch\/index.php\/vocal-jazz-quartet\/","name":"Vocal Jazz Quartet - Violoniste mariage &amp; event Suisse","isPartOf":{"@id":"https:\/\/violonistemariage.ch\/#website"},"datePublished":"2025-12-16T11:18:57+00:00","dateModified":"2025-12-25T09:24:23+00:00","breadcrumb":{"@id":"https:\/\/violonistemariage.ch\/index.php\/vocal-jazz-quartet\/#breadcrumb"},"inLanguage":"fr-FR","potentialAction":[{"@type":"ReadAction","target":["https:\/\/violonistemariage.ch\/index.php\/vocal-jazz-quartet\/"]}]},{"@type":"BreadcrumbList","@id":"https:\/\/violonistemariage.ch\/index.php\/vocal-jazz-quartet\/#breadcrumb","itemListElement":[{"@type":"ListItem","position":1,"name":"Accueil","item":"https:\/\/violonistemariage.ch\/"},{"@type":"ListItem","position":2,"name":"Vocal Jazz Quartet"}]},{"@type":"WebSite","@id":"https:\/\/violonistemariage.ch\/#website","url":"https:\/\/violonistemariage.ch\/","name":"Violoniste mariage &amp; event Suisse","description":"Violoniste pour mariage et \u00e9v\u00e8nement","potentialAction":[{"@type":"SearchAction","target":{"@type":"EntryPoint","urlTemplate":"https:\/\/violonistemariage.ch\/?s={search_term_string}"},"query-input":{"@type":"PropertyValueSpecification","valueRequired":true,"valueName":"search_term_string"}}],"inLanguage":"fr-FR"}]}},"_links":{"self":[{"href":"https:\/\/violonistemariage.ch\/index.php\/wp-json\/wp\/v2\/pages\/355","targetHints":{"allow":["GET"]}}],"collection":[{"href":"https:\/\/violonistemariage.ch\/index.php\/wp-json\/wp\/v2\/pages"}],"about":[{"href":"https:\/\/violonistemariage.ch\/index.php\/wp-json\/wp\/v2\/types\/page"}],"author":[{"embeddable":true,"href":"https:\/\/violonistemariage.ch\/index.php\/wp-json\/wp\/v2\/users\/1"}],"replies":[{"embeddable":true,"href":"https:\/\/violonistemariage.ch\/index.php\/wp-json\/wp\/v2\/comments?post=355"}],"version-history":[{"count":11,"href":"https:\/\/violonistemariage.ch\/index.php\/wp-json\/wp\/v2\/pages\/355\/revisions"}],"predecessor-version":[{"id":461,"href":"https:\/\/violonistemariage.ch\/index.php\/wp-json\/wp\/v2\/pages\/355\/revisions\/461"}],"wp:attachment":[{"href":"https:\/\/violonistemariage.ch\/index.php\/wp-json\/wp\/v2\/media?parent=355"}],"curies":[{"name":"wp","href":"https:\/\/api.w.org\/{rel}","templated":true}]}}