{"id":429,"date":"2025-12-24T14:43:30","date_gmt":"2025-12-24T14:43:30","guid":{"rendered":"https:\/\/violonistemariage.ch\/?page_id=429"},"modified":"2026-02-09T08:14:33","modified_gmt":"2026-02-09T08:14:33","slug":"violon-cello-duet","status":"publish","type":"page","link":"https:\/\/violonistemariage.ch\/index.php\/violon-cello-duet\/","title":{"rendered":"Violon &amp; Cello duet"},"content":{"rendered":"<p>[et_pb_section fb_built=\u00a0\u00bb1&Prime; fullwidth=\u00a0\u00bbon\u00a0\u00bb admin_label=\u00a0\u00bbHero Section\u00a0\u00bb _builder_version=\u00a0\u00bb4.16&Prime; background_color=\u00a0\u00bbrgba(255,255,255,0.7)\u00a0\u00bb animation_style=\u00a0\u00bbzoom\u00a0\u00bb animation_direction=\u00a0\u00bbbottom\u00a0\u00bb animation_intensity_zoom=\u00a0\u00bb4%\u00a0\u00bb global_colors_info=\u00a0\u00bb{}\u00a0\u00bb][et_pb_fullwidth_header title=\u00a0\u00bbViolon &#038; Cello Duet\u00a0\u00bb subhead=\u00a0\u00bbSo amazing !\u00a0\u00bb text_orientation=\u00a0\u00bbcenter\u00a0\u00bb background_overlay_color=\u00a0\u00bbrgba(255,255,255,0.85)\u00a0\u00bb title_font_color=\u00a0\u00bb#444235&Prime; subhead_font_color=\u00a0\u00bb#444235&Prime; subhead_tablet=\u00a0\u00bbSo romantic !\u00a0\u00bb subhead_phone=\u00a0\u00bbSo romantic !\u00a0\u00bb subhead_last_edited=\u00a0\u00bbon|desktop\u00a0\u00bb admin_label=\u00a0\u00bbHero\u00a0\u00bb _builder_version=\u00a0\u00bb4.27.5&Prime; title_font=\u00a0\u00bbComfortaa||||\u00a0\u00bb title_text_align=\u00a0\u00bbcenter\u00a0\u00bb title_text_color=\u00a0\u00bb#444235&Prime; title_font_size=\u00a0\u00bb72px\u00a0\u00bb title_line_height=\u00a0\u00bb1.3em\u00a0\u00bb subhead_font=\u00a0\u00bbComfortaa||on|on|||||\u00a0\u00bb subhead_text_align=\u00a0\u00bbcenter\u00a0\u00bb subhead_text_color=\u00a0\u00bb#444235&Prime; subhead_font_size=\u00a0\u00bb20px\u00a0\u00bb subhead_letter_spacing=\u00a0\u00bb1px\u00a0\u00bb subhead_line_height=\u00a0\u00bb2em\u00a0\u00bb background_color=\u00a0\u00bbrgba(255, 255, 255, 0)\u00a0\u00bb background_image=\u00a0\u00bbhttps:\/\/violonistemariage.ch\/wp-content\/uploads\/2025\/12\/page-header-bg.jpg\u00a0\u00bb parallax=\u00a0\u00bbon\u00a0\u00bb parallax_method=\u00a0\u00bbon\u00a0\u00bb custom_button_one=\u00a0\u00bbon\u00a0\u00bb button_one_text_size=\u00a0\u00bb16px\u00a0\u00bb button_one_text_color=\u00a0\u00bb#ffffff\u00a0\u00bb button_one_bg_color=\u00a0\u00bb#d1af83&Prime; button_one_border_width=\u00a0\u00bb10px\u00a0\u00bb button_one_border_color=\u00a0\u00bb#d1af83&Prime; button_one_border_radius=\u00a0\u00bb0px\u00a0\u00bb button_one_letter_spacing=\u00a0\u00bb6px\u00a0\u00bb button_one_font=\u00a0\u00bbOpen Sans||||\u00a0\u00bb button_one_icon=\u00a0\u00bb&#x24;||divi||400&Prime; button_one_icon_color=\u00a0\u00bb#ffffff\u00a0\u00bb button_one_on_hover=\u00a0\u00bboff\u00a0\u00bb background_layout=\u00a0\u00bblight\u00a0\u00bb custom_margin=\u00a0\u00bb-10px||||false|false\u00a0\u00bb custom_padding=\u00a0\u00bb43px||42px||false|false\u00a0\u00bb animation_style=\u00a0\u00bbfade\u00a0\u00bb title_font_size_tablet=\u00a0\u00bb\u00a0\u00bb title_font_size_phone=\u00a0\u00bb46px\u00a0\u00bb title_font_size_last_edited=\u00a0\u00bbon|phone\u00a0\u00bb button_one_letter_spacing_hover=\u00a0\u00bb10px\u00a0\u00bb saved_tabs=\u00a0\u00bball\u00a0\u00bb global_colors_info=\u00a0\u00bb{}\u00a0\u00bb button_one_text_size__hover_enabled=\u00a0\u00bboff\u00a0\u00bb button_two_text_size__hover_enabled=\u00a0\u00bboff\u00a0\u00bb button_one_text_color__hover_enabled=\u00a0\u00bboff\u00a0\u00bb button_two_text_color__hover_enabled=\u00a0\u00bboff\u00a0\u00bb button_one_border_width__hover_enabled=\u00a0\u00bboff\u00a0\u00bb button_two_border_width__hover_enabled=\u00a0\u00bboff\u00a0\u00bb button_one_border_color__hover_enabled=\u00a0\u00bboff\u00a0\u00bb button_two_border_color__hover_enabled=\u00a0\u00bboff\u00a0\u00bb button_one_border_radius__hover_enabled=\u00a0\u00bboff\u00a0\u00bb button_two_border_radius__hover_enabled=\u00a0\u00bboff\u00a0\u00bb button_one_letter_spacing__hover_enabled=\u00a0\u00bbon\u00a0\u00bb button_one_letter_spacing__hover=\u00a0\u00bb10px\u00a0\u00bb button_two_letter_spacing__hover_enabled=\u00a0\u00bboff\u00a0\u00bb button_one_bg_color__hover_enabled=\u00a0\u00bboff\u00a0\u00bb button_two_bg_color__hover_enabled=\u00a0\u00bboff\u00a0\u00bb subhead__hover_enabled=\u00a0\u00bbon|hover\u00a0\u00bb subhead__hover=\u00a0\u00bb%22Duo cello%22&Prime;][\/et_pb_fullwidth_header][\/et_pb_section][et_pb_section fb_built=\u00a0\u00bb1&Prime; admin_label=\u00a0\u00bbOur Story Section\u00a0\u00bb _builder_version=\u00a0\u00bb4.16&Prime; custom_padding=\u00a0\u00bb4px||5px|||\u00a0\u00bb global_colors_info=\u00a0\u00bb{}\u00a0\u00bb][et_pb_row column_structure=\u00a0\u00bb1_3,1_3,1_3&Prime; admin_label=\u00a0\u00bbOur Story\u00a0\u00bb _builder_version=\u00a0\u00bb4.16&Prime; background_size=\u00a0\u00bbinitial\u00a0\u00bb background_position=\u00a0\u00bbtop_left\u00a0\u00bb background_repeat=\u00a0\u00bbrepeat\u00a0\u00bb global_colors_info=\u00a0\u00bb{}\u00a0\u00bb][et_pb_column type=\u00a0\u00bb1_3&Prime; _builder_version=\u00a0\u00bb4.16&Prime; custom_padding=\u00a0\u00bb|||\u00a0\u00bb global_colors_info=\u00a0\u00bb{}\u00a0\u00bb custom_padding__hover=\u00a0\u00bb|||\u00a0\u00bb][et_pb_image src=\u00a0\u00bbhttps:\/\/violonistemariage.ch\/wp-content\/uploads\/2025\/12\/SandrineJerome-270-1-scaled.jpg\u00a0\u00bb alt=\u00a0\u00bbvioloncelliste mariage\u00a0\u00bb title_text=\u00a0\u00bbvioloncelliste mariage &#038; event\u00a0\u00bb _builder_version=\u00a0\u00bb4.27.5&Prime; _module_preset=\u00a0\u00bbdefault\u00a0\u00bb box_shadow_style=\u00a0\u00bbpreset1&Prime; global_colors_info=\u00a0\u00bb{}\u00a0\u00bb][\/et_pb_image][et_pb_image src=\u00a0\u00bbhttps:\/\/violonistemariage.ch\/wp-content\/uploads\/2025\/12\/SandrineJerome-272-scaled.jpg\u00a0\u00bb alt=\u00a0\u00bbvioloniste professionnel mariage suisse\u00a0\u00bb title_text=\u00a0\u00bbVioloniste mariage\u00a0\u00bb _builder_version=\u00a0\u00bb4.27.5&Prime; _module_preset=\u00a0\u00bbdefault\u00a0\u00bb box_shadow_style=\u00a0\u00bbpreset1&Prime; global_colors_info=\u00a0\u00bb{}\u00a0\u00bb][\/et_pb_image][et_pb_button _builder_version=\u00a0\u00bb4.16&Prime; global_colors_info=\u00a0\u00bb{}\u00a0\u00bb button_text_size__hover_enabled=\u00a0\u00bboff\u00a0\u00bb button_one_text_size__hover_enabled=\u00a0\u00bboff\u00a0\u00bb button_two_text_size__hover_enabled=\u00a0\u00bboff\u00a0\u00bb button_text_color__hover_enabled=\u00a0\u00bboff\u00a0\u00bb button_one_text_color__hover_enabled=\u00a0\u00bboff\u00a0\u00bb button_two_text_color__hover_enabled=\u00a0\u00bboff\u00a0\u00bb button_border_width__hover_enabled=\u00a0\u00bboff\u00a0\u00bb button_one_border_width__hover_enabled=\u00a0\u00bboff\u00a0\u00bb button_two_border_width__hover_enabled=\u00a0\u00bboff\u00a0\u00bb button_border_color__hover_enabled=\u00a0\u00bboff\u00a0\u00bb button_one_border_color__hover_enabled=\u00a0\u00bboff\u00a0\u00bb button_two_border_color__hover_enabled=\u00a0\u00bboff\u00a0\u00bb button_border_radius__hover_enabled=\u00a0\u00bboff\u00a0\u00bb button_one_border_radius__hover_enabled=\u00a0\u00bboff\u00a0\u00bb button_two_border_radius__hover_enabled=\u00a0\u00bboff\u00a0\u00bb button_letter_spacing__hover_enabled=\u00a0\u00bboff\u00a0\u00bb button_one_letter_spacing__hover_enabled=\u00a0\u00bboff\u00a0\u00bb button_two_letter_spacing__hover_enabled=\u00a0\u00bboff\u00a0\u00bb button_bg_color__hover_enabled=\u00a0\u00bboff\u00a0\u00bb button_one_bg_color__hover_enabled=\u00a0\u00bboff\u00a0\u00bb button_two_bg_color__hover_enabled=\u00a0\u00bboff\u00a0\u00bb][\/et_pb_button][\/et_pb_column][et_pb_column type=\u00a0\u00bb1_3&Prime; _builder_version=\u00a0\u00bb4.27.5&Prime; _module_preset=\u00a0\u00bbdefault\u00a0\u00bb global_colors_info=\u00a0\u00bb{}\u00a0\u00bb][et_pb_image src=\u00a0\u00bbhttps:\/\/violonistemariage.ch\/wp-content\/uploads\/2025\/12\/P1050093-scaled.jpg\u00a0\u00bb alt=\u00a0\u00bbduo violon &#038; violoncelle\u00a0\u00bb title_text=\u00a0\u00bbduo violon &#038; cello\u00a0\u00bb _builder_version=\u00a0\u00bb4.27.5&Prime; _module_preset=\u00a0\u00bbdefault\u00a0\u00bb box_shadow_style=\u00a0\u00bbpreset1&Prime; global_colors_info=\u00a0\u00bb{}\u00a0\u00bb][\/et_pb_image][et_pb_text _builder_version=\u00a0\u00bb4.27.5&Prime; text_font=\u00a0\u00bbOpen Sans||||\u00a0\u00bb text_text_color=\u00a0\u00bbrgba(68,66,53,0.8)\u00a0\u00bb text_font_size=\u00a0\u00bb17px\u00a0\u00bb text_line_height=\u00a0\u00bb1.9em\u00a0\u00bb background_size=\u00a0\u00bbinitial\u00a0\u00bb background_position=\u00a0\u00bbtop_left\u00a0\u00bb background_repeat=\u00a0\u00bbrepeat\u00a0\u00bb custom_padding=\u00a0\u00bb|||\u00a0\u00bb animation_style=\u00a0\u00bbslide\u00a0\u00bb animation_direction=\u00a0\u00bbbottom\u00a0\u00bb animation_delay=\u00a0\u00bb100ms\u00a0\u00bb animation_intensity_slide=\u00a0\u00bb5%\u00a0\u00bb global_colors_info=\u00a0\u00bb{}\u00a0\u00bb]<\/p>\n<p style=\"text-align: justify;\"><strong>Elegance et professionalisme<\/strong><\/p>\n<p style=\"text-align: justify;\">Notre duo propose un r\u00e9pertoire vari\u00e9, allant des grandes \u0153uvres classiques aux musiques de films, en passant par des arrangements de chansons actuelles. Chaque prestation est pens\u00e9e sur mesure pour s\u2019adapter \u00e0 l\u2019atmosph\u00e8re que vous souhaitez cr\u00e9er : c\u00e9r\u00e9monie de mariage, cocktail, d\u00eener, inauguration, soir\u00e9e d\u2019entreprise\u2026<\/p>\n<p style=\"text-align: justify;\"><span>Nous vous accompagnons dans le choix des morceaux et pouvons r\u00e9aliser des arrangements personnalis\u00e9s pour rendre votre moment encore plus unique. Notre objectif est simple : sublimer votre \u00e9v\u00e9nement gr\u00e2ce \u00e0 une pr\u00e9sence musicale discr\u00e8te, \u00e9l\u00e9gante et toujours adapt\u00e9e.<\/span><\/p>\n<p style=\"text-align: justify;\"><span>Habitu\u00e9s aux prestations haut de gamme, nous garantissons une organisation fluide, une installation autonome et une prestation irr\u00e9prochable, afin que vous puissiez profiter pleinement de votre \u00e9v\u00e9nement.<\/span><\/p>\n<p>[\/et_pb_text][\/et_pb_column][et_pb_column type=\u00a0\u00bb1_3&Prime; _builder_version=\u00a0\u00bb4.16&Prime; custom_padding=\u00a0\u00bb|||\u00a0\u00bb global_colors_info=\u00a0\u00bb{}\u00a0\u00bb custom_padding__hover=\u00a0\u00bb|||\u00a0\u00bb][et_pb_video src=\u00a0\u00bbhttps:\/\/youtube.com\/shorts\/cPTW1KqUWr8?si=o6zN9UQa-BwgtmUp\u00a0\u00bb _builder_version=\u00a0\u00bb4.27.5&Prime; _module_preset=\u00a0\u00bbdefault\u00a0\u00bb box_shadow_style=\u00a0\u00bbpreset1&Prime; global_colors_info=\u00a0\u00bb{}\u00a0\u00bb][\/et_pb_video][et_pb_image src=\u00a0\u00bbhttps:\/\/violonistemariage.ch\/wp-content\/uploads\/2026\/02\/IMG_8895-Grande.jpeg\u00a0\u00bb alt=\u00a0\u00bbviolon &#038; violoncelle duo pop cover\u00a0\u00bb title_text=\u00a0\u00bbduo violon &#038; cello\u00a0\u00bb _builder_version=\u00a0\u00bb4.27.5&Prime; _module_preset=\u00a0\u00bbdefault\u00a0\u00bb hover_enabled=\u00a0\u00bb0&Prime; box_shadow_style=\u00a0\u00bbpreset1&Prime; global_colors_info=\u00a0\u00bb{}\u00a0\u00bb sticky_enabled=\u00a0\u00bb0&Prime;][\/et_pb_image][\/et_pb_column][\/et_pb_row][\/et_pb_section][et_pb_section fb_built=\u00a0\u00bb1&Prime; admin_label=\u00a0\u00bbVideo Section\u00a0\u00bb _builder_version=\u00a0\u00bb4.27.5&Prime; background_image=\u00a0\u00bbhttps:\/\/violonistemariage.ch\/wp-content\/uploads\/2025\/12\/P1050103-Grande.jpeg\u00a0\u00bb parallax=\u00a0\u00bbon\u00a0\u00bb custom_margin=\u00a0\u00bb||1px|||\u00a0\u00bb custom_padding=\u00a0\u00bb0px||713px|||\u00a0\u00bb global_colors_info=\u00a0\u00bb{}\u00a0\u00bb][\/et_pb_section]<\/p>\n","protected":false},"excerpt":{"rendered":"<p>Elegance et professionalisme Notre duo propose un r\u00e9pertoire vari\u00e9, allant des grandes \u0153uvres classiques aux musiques de films, en passant par des arrangements de chansons actuelles. Chaque prestation est pens\u00e9e sur mesure pour s\u2019adapter \u00e0 l\u2019atmosph\u00e8re que vous souhaitez cr\u00e9er : c\u00e9r\u00e9monie de mariage, cocktail, d\u00eener, inauguration, soir\u00e9e d\u2019entreprise\u2026 Nous vous accompagnons dans le choix [&hellip;]<\/p>\n","protected":false},"author":1,"featured_media":0,"parent":0,"menu_order":0,"comment_status":"closed","ping_status":"closed","template":"","meta":{"_et_pb_use_builder":"on","_et_pb_old_content":"","_et_gb_content_width":"","footnotes":""},"class_list":["post-429","page","type-page","status-publish","hentry"],"yoast_head":"<!-- This site is optimized with the Yoast SEO plugin v27.4 - https:\/\/yoast.com\/product\/yoast-seo-wordpress\/ -->\n<title>Violon &amp; Cello duet - Violoniste mariage &amp; event Suisse<\/title>\n<meta name=\"robots\" content=\"index, follow, max-snippet:-1, max-image-preview:large, max-video-preview:-1\" \/>\n<link rel=\"canonical\" href=\"https:\/\/violonistemariage.ch\/index.php\/violon-cello-duet\/\" \/>\n<meta property=\"og:locale\" content=\"fr_FR\" \/>\n<meta property=\"og:type\" content=\"article\" \/>\n<meta property=\"og:title\" content=\"Violon &amp; Cello duet - Violoniste mariage &amp; event Suisse\" \/>\n<meta property=\"og:description\" content=\"Elegance et professionalisme Notre duo propose un r\u00e9pertoire vari\u00e9, allant des grandes \u0153uvres classiques aux musiques de films, en passant par des arrangements de chansons actuelles. Chaque prestation est pens\u00e9e sur mesure pour s\u2019adapter \u00e0 l\u2019atmosph\u00e8re que vous souhaitez cr\u00e9er : c\u00e9r\u00e9monie de mariage, cocktail, d\u00eener, inauguration, soir\u00e9e d\u2019entreprise\u2026 Nous vous accompagnons dans le choix [&hellip;]\" \/>\n<meta property=\"og:url\" content=\"https:\/\/violonistemariage.ch\/index.php\/violon-cello-duet\/\" \/>\n<meta property=\"og:site_name\" content=\"Violoniste mariage &amp; event Suisse\" \/>\n<meta property=\"article:modified_time\" content=\"2026-02-09T08:14:33+00:00\" \/>\n<meta name=\"twitter:card\" content=\"summary_large_image\" \/>\n<meta name=\"twitter:label1\" content=\"Dur\u00e9e de lecture estim\u00e9e\" \/>\n\t<meta name=\"twitter:data1\" content=\"2 minutes\" \/>\n<script type=\"application\/ld+json\" class=\"yoast-schema-graph\">{\"@context\":\"https:\\\/\\\/schema.org\",\"@graph\":[{\"@type\":\"WebPage\",\"@id\":\"https:\\\/\\\/violonistemariage.ch\\\/index.php\\\/violon-cello-duet\\\/\",\"url\":\"https:\\\/\\\/violonistemariage.ch\\\/index.php\\\/violon-cello-duet\\\/\",\"name\":\"Violon &amp; Cello duet - Violoniste mariage &amp; event Suisse\",\"isPartOf\":{\"@id\":\"https:\\\/\\\/violonistemariage.ch\\\/#website\"},\"datePublished\":\"2025-12-24T14:43:30+00:00\",\"dateModified\":\"2026-02-09T08:14:33+00:00\",\"breadcrumb\":{\"@id\":\"https:\\\/\\\/violonistemariage.ch\\\/index.php\\\/violon-cello-duet\\\/#breadcrumb\"},\"inLanguage\":\"fr-FR\",\"potentialAction\":[{\"@type\":\"ReadAction\",\"target\":[\"https:\\\/\\\/violonistemariage.ch\\\/index.php\\\/violon-cello-duet\\\/\"]}]},{\"@type\":\"BreadcrumbList\",\"@id\":\"https:\\\/\\\/violonistemariage.ch\\\/index.php\\\/violon-cello-duet\\\/#breadcrumb\",\"itemListElement\":[{\"@type\":\"ListItem\",\"position\":1,\"name\":\"Accueil\",\"item\":\"https:\\\/\\\/violonistemariage.ch\\\/\"},{\"@type\":\"ListItem\",\"position\":2,\"name\":\"Violon &amp; Cello duet\"}]},{\"@type\":\"WebSite\",\"@id\":\"https:\\\/\\\/violonistemariage.ch\\\/#website\",\"url\":\"https:\\\/\\\/violonistemariage.ch\\\/\",\"name\":\"Violoniste mariage &amp; event Suisse\",\"description\":\"Violoniste pour mariage et \u00e9v\u00e8nement\",\"potentialAction\":[{\"@type\":\"SearchAction\",\"target\":{\"@type\":\"EntryPoint\",\"urlTemplate\":\"https:\\\/\\\/violonistemariage.ch\\\/?s={search_term_string}\"},\"query-input\":{\"@type\":\"PropertyValueSpecification\",\"valueRequired\":true,\"valueName\":\"search_term_string\"}}],\"inLanguage\":\"fr-FR\"}]}<\/script>\n<!-- \/ Yoast SEO plugin. -->","yoast_head_json":{"title":"Violon &amp; Cello duet - Violoniste mariage &amp; event Suisse","robots":{"index":"index","follow":"follow","max-snippet":"max-snippet:-1","max-image-preview":"max-image-preview:large","max-video-preview":"max-video-preview:-1"},"canonical":"https:\/\/violonistemariage.ch\/index.php\/violon-cello-duet\/","og_locale":"fr_FR","og_type":"article","og_title":"Violon &amp; Cello duet - Violoniste mariage &amp; event Suisse","og_description":"Elegance et professionalisme Notre duo propose un r\u00e9pertoire vari\u00e9, allant des grandes \u0153uvres classiques aux musiques de films, en passant par des arrangements de chansons actuelles. Chaque prestation est pens\u00e9e sur mesure pour s\u2019adapter \u00e0 l\u2019atmosph\u00e8re que vous souhaitez cr\u00e9er : c\u00e9r\u00e9monie de mariage, cocktail, d\u00eener, inauguration, soir\u00e9e d\u2019entreprise\u2026 Nous vous accompagnons dans le choix [&hellip;]","og_url":"https:\/\/violonistemariage.ch\/index.php\/violon-cello-duet\/","og_site_name":"Violoniste mariage &amp; event Suisse","article_modified_time":"2026-02-09T08:14:33+00:00","twitter_card":"summary_large_image","twitter_misc":{"Dur\u00e9e de lecture estim\u00e9e":"2 minutes"},"schema":{"@context":"https:\/\/schema.org","@graph":[{"@type":"WebPage","@id":"https:\/\/violonistemariage.ch\/index.php\/violon-cello-duet\/","url":"https:\/\/violonistemariage.ch\/index.php\/violon-cello-duet\/","name":"Violon &amp; Cello duet - Violoniste mariage &amp; event Suisse","isPartOf":{"@id":"https:\/\/violonistemariage.ch\/#website"},"datePublished":"2025-12-24T14:43:30+00:00","dateModified":"2026-02-09T08:14:33+00:00","breadcrumb":{"@id":"https:\/\/violonistemariage.ch\/index.php\/violon-cello-duet\/#breadcrumb"},"inLanguage":"fr-FR","potentialAction":[{"@type":"ReadAction","target":["https:\/\/violonistemariage.ch\/index.php\/violon-cello-duet\/"]}]},{"@type":"BreadcrumbList","@id":"https:\/\/violonistemariage.ch\/index.php\/violon-cello-duet\/#breadcrumb","itemListElement":[{"@type":"ListItem","position":1,"name":"Accueil","item":"https:\/\/violonistemariage.ch\/"},{"@type":"ListItem","position":2,"name":"Violon &amp; Cello duet"}]},{"@type":"WebSite","@id":"https:\/\/violonistemariage.ch\/#website","url":"https:\/\/violonistemariage.ch\/","name":"Violoniste mariage &amp; event Suisse","description":"Violoniste pour mariage et \u00e9v\u00e8nement","potentialAction":[{"@type":"SearchAction","target":{"@type":"EntryPoint","urlTemplate":"https:\/\/violonistemariage.ch\/?s={search_term_string}"},"query-input":{"@type":"PropertyValueSpecification","valueRequired":true,"valueName":"search_term_string"}}],"inLanguage":"fr-FR"}]}},"_links":{"self":[{"href":"https:\/\/violonistemariage.ch\/index.php\/wp-json\/wp\/v2\/pages\/429","targetHints":{"allow":["GET"]}}],"collection":[{"href":"https:\/\/violonistemariage.ch\/index.php\/wp-json\/wp\/v2\/pages"}],"about":[{"href":"https:\/\/violonistemariage.ch\/index.php\/wp-json\/wp\/v2\/types\/page"}],"author":[{"embeddable":true,"href":"https:\/\/violonistemariage.ch\/index.php\/wp-json\/wp\/v2\/users\/1"}],"replies":[{"embeddable":true,"href":"https:\/\/violonistemariage.ch\/index.php\/wp-json\/wp\/v2\/comments?post=429"}],"version-history":[{"count":9,"href":"https:\/\/violonistemariage.ch\/index.php\/wp-json\/wp\/v2\/pages\/429\/revisions"}],"predecessor-version":[{"id":502,"href":"https:\/\/violonistemariage.ch\/index.php\/wp-json\/wp\/v2\/pages\/429\/revisions\/502"}],"wp:attachment":[{"href":"https:\/\/violonistemariage.ch\/index.php\/wp-json\/wp\/v2\/media?parent=429"}],"curies":[{"name":"wp","href":"https:\/\/api.w.org\/{rel}","templated":true}]}}